{"id":7341,"date":"2023-08-11T11:29:18","date_gmt":"2023-08-11T09:29:18","guid":{"rendered":"https:\/\/fwfuer.de\/project\/future-use-of-the-europahalle\/"},"modified":"2024-06-10T13:37:25","modified_gmt":"2024-06-10T11:37:25","slug":"future-use-of-the-europahalle","status":"publish","type":"project","link":"https:\/\/fwfuer.de\/en\/project\/future-use-of-the-europahalle\/","title":{"rendered":"Future use of the Europahalle"},"content":{"rendered":"\n<p>1. when can the Europahalle be used again by clubs for training purposes?<\/p>\n\n<p>2. at what time is the opening for events, such as basketball matches, planned?<br\/>Bundesliga matches?<\/p>\n\n<p>3. what is the maximum capacity of the Europahalle after the reopening?<\/p>\n\n<p>4. is there a stringent controlling system that ensures that all acceptances for the<br\/>Europahalle be adhered to and implemented on time?<\/p>\n\n<p>5. what does the operator concept\/catering in the Europahalle look like after completion?<br\/>out?<\/p>\n\n<p><strong>Reason<\/strong><br\/>The Europahalle was closed for fire safety reasons and is located in the<br\/>Retrofitting. This is particularly important for large clubs in the tight indoor situation,<br\/>that halls will soon be available. For example, for athletics, the national<br\/>are on the rise or for the PSK Lions, who have ambitions for the 1.<br\/>Basketballbundesliga is planning security and thus the knowledge gained from<br\/>of great relevance to this request. With reliable figures, the city administration can<br\/>ensure that, for example athletics, Bundesliga basketball and others in Karlsruhe<br\/>has a secure future and a home.<br\/>Sport, both on a broad scale and at the top, plays an important role in Karlsruhe.<br\/>On the one hand, it contributes to the city&#8217;s sporting prestige and shows that Karlsruhe is a<br\/>center for first-class athletics and basketball. But also for<br\/>sports, school sports and youth sports in Karlsruhe, halls such as the<br\/>Europahalle is indispensable.<\/p>\n\n<p><br\/><strong>Signed:<\/strong><br\/>Juergen Wenzel<br\/>Friedemann Kalmbach<br\/>Petra Lorenz<\/p>\n","protected":false},"excerpt":{"rendered":"<p>1. when can the Europahalle be used again by clubs for training purposes? 2. at what time is the opening for events, such as basketball matches, planned?Bundesliga matches? 3. what is the maximum capacity of the Europahalle after the reopening? 4. is there a stringent controlling system that ensures that all acceptances for theEuropahalle be [&hellip;]<\/p>\n","protected":false},"author":2,"featured_media":0,"comment_status":"closed","ping_status":"closed","template":"","meta":{"_acf_changed":false,"_et_pb_use_builder":"off","_et_pb_old_content":"","_et_gb_content_width":"","footnotes":"","_links_to":"","_links_to_target":""},"project_category":[225],"project_tag":[240],"class_list":["post-7341","project","type-project","status-publish","hentry","project_category-inquieries","project_tag-submitted"],"acf":[],"yoast_head":"<!-- This site is optimized with the Yoast SEO plugin v27.5 - https:\/\/yoast.com\/product\/yoast-seo-wordpress\/ -->\n<title>Future use of the Europahalle - Freie W\u00e4hler | F\u00dcR Karlsruhe in the Karlsruhe City Council<\/title>\n<meta name=\"description\" content=\"Unsere Anfragen und Antr\u00e4ge im Karlsruher Gemeinderat. Durch Anfragen k\u00f6nnen wir Themen neu auf die Tagesordnung setzen lassen - und durch Antr\u00e4ge, \u00c4nderungen oder Erg\u00e4nzungen, \u00fcber Vorschl\u00e4ge abstimmen lassen.\" \/>\n<meta name=\"robots\" content=\"index, follow, max-snippet:-1, max-image-preview:large, max-video-preview:-1\" \/>\n<link rel=\"canonical\" href=\"https:\/\/fwfuer.de\/en\/project\/future-use-of-the-europahalle\/\" \/>\n<meta property=\"og:locale\" content=\"en_US\" \/>\n<meta property=\"og:type\" content=\"article\" \/>\n<meta property=\"og:title\" content=\"Future use of the Europahalle - Freie W\u00e4hler | F\u00dcR Karlsruhe in the Karlsruhe City Council\" \/>\n<meta property=\"og:description\" content=\"Unsere Anfragen und Antr\u00e4ge im Karlsruher Gemeinderat. Durch Anfragen k\u00f6nnen wir Themen neu auf die Tagesordnung setzen lassen - und durch Antr\u00e4ge, \u00c4nderungen oder Erg\u00e4nzungen, \u00fcber Vorschl\u00e4ge abstimmen lassen.\" \/>\n<meta property=\"og:url\" content=\"https:\/\/fwfuer.de\/en\/project\/future-use-of-the-europahalle\/\" \/>\n<meta property=\"og:site_name\" content=\"Freie W\u00e4hler | F\u00dcR Karlsruhe in the Karlsruhe City Council\" \/>\n<meta property=\"article:publisher\" content=\"https:\/\/www.facebook.com\/fwfuer\" \/>\n<meta property=\"article:modified_time\" content=\"2024-06-10T11:37:25+00:00\" \/>\n<meta property=\"og:image\" content=\"https:\/\/fwfuer.de\/wp-content\/uploads\/2022\/10\/FriedemannOnlineSchulung-scaled.jpeg\" \/>\n\t<meta property=\"og:image:width\" content=\"2880\" \/>\n\t<meta property=\"og:image:height\" content=\"2160\" \/>\n\t<meta property=\"og:image:type\" content=\"image\/jpeg\" \/>\n<meta name=\"twitter:card\" content=\"summary_large_image\" \/>\n<meta name=\"twitter:site\" content=\"@fwfuer\" \/>\n<meta name=\"twitter:label1\" content=\"Est. reading time\" \/>\n\t<meta name=\"twitter:data1\" content=\"1 minute\" \/>\n<script type=\"application\/ld+json\" class=\"yoast-schema-graph\">{\"@context\":\"https:\\\/\\\/schema.org\",\"@graph\":[{\"@type\":[\"Article\",\"Report\"],\"@id\":\"https:\\\/\\\/fwfuer.de\\\/en\\\/project\\\/future-use-of-the-europahalle\\\/#article\",\"isPartOf\":{\"@id\":\"https:\\\/\\\/fwfuer.de\\\/en\\\/project\\\/future-use-of-the-europahalle\\\/\"},\"author\":{\"name\":\"F\u00dcR Karlsruhe im Gemeinderat\",\"@id\":\"https:\\\/\\\/fwfuer.de\\\/en\\\/#\\\/schema\\\/person\\\/b320b9d84a937dd6e9f2d80be1055c19\"},\"headline\":\"Future use of the Europahalle\",\"datePublished\":\"2023-08-11T09:29:18+00:00\",\"dateModified\":\"2024-06-10T11:37:25+00:00\",\"mainEntityOfPage\":{\"@id\":\"https:\\\/\\\/fwfuer.de\\\/en\\\/project\\\/future-use-of-the-europahalle\\\/\"},\"wordCount\":225,\"publisher\":{\"@id\":\"https:\\\/\\\/fwfuer.de\\\/en\\\/#organization\"},\"inLanguage\":\"en-US\"},{\"@type\":[\"WebPage\",\"ItemPage\"],\"@id\":\"https:\\\/\\\/fwfuer.de\\\/en\\\/project\\\/future-use-of-the-europahalle\\\/\",\"url\":\"https:\\\/\\\/fwfuer.de\\\/en\\\/project\\\/future-use-of-the-europahalle\\\/\",\"name\":\"Future use of the Europahalle - Freie W\u00e4hler | F\u00dcR Karlsruhe in the Karlsruhe City Council\",\"isPartOf\":{\"@id\":\"https:\\\/\\\/fwfuer.de\\\/en\\\/#website\"},\"datePublished\":\"2023-08-11T09:29:18+00:00\",\"dateModified\":\"2024-06-10T11:37:25+00:00\",\"description\":\"Unsere Anfragen und Antr\u00e4ge im Karlsruher Gemeinderat. Durch Anfragen k\u00f6nnen wir Themen neu auf die Tagesordnung setzen lassen - und durch Antr\u00e4ge, \u00c4nderungen oder Erg\u00e4nzungen, \u00fcber Vorschl\u00e4ge abstimmen lassen.\",\"breadcrumb\":{\"@id\":\"https:\\\/\\\/fwfuer.de\\\/en\\\/project\\\/future-use-of-the-europahalle\\\/#breadcrumb\"},\"inLanguage\":\"en-US\",\"potentialAction\":[{\"@type\":\"ReadAction\",\"target\":[\"https:\\\/\\\/fwfuer.de\\\/en\\\/project\\\/future-use-of-the-europahalle\\\/\"]}]},{\"@type\":\"BreadcrumbList\",\"@id\":\"https:\\\/\\\/fwfuer.de\\\/en\\\/project\\\/future-use-of-the-europahalle\\\/#breadcrumb\",\"itemListElement\":[{\"@type\":\"ListItem\",\"position\":1,\"name\":\"Startseite\",\"item\":\"https:\\\/\\\/fwfuer.de\\\/en\\\/home\\\/\"},{\"@type\":\"ListItem\",\"position\":2,\"name\":\"Projects\",\"item\":\"https:\\\/\\\/fwfuer.de\\\/en\\\/project\\\/\"},{\"@type\":\"ListItem\",\"position\":3,\"name\":\"Future use of the Europahalle\"}]},{\"@type\":\"WebSite\",\"@id\":\"https:\\\/\\\/fwfuer.de\\\/en\\\/#website\",\"url\":\"https:\\\/\\\/fwfuer.de\\\/en\\\/\",\"name\":\"Freie W\u00e4hler | F\u00dcR Karlsruhe in the Karlsruhe City Council\",\"description\":\"Free group of councillors in Karlsruhe\",\"publisher\":{\"@id\":\"https:\\\/\\\/fwfuer.de\\\/en\\\/#organization\"},\"alternateName\":\"F\u00dcR KARLSRUHE im Gemeinderat\",\"potentialAction\":[{\"@type\":\"SearchAction\",\"target\":{\"@type\":\"EntryPoint\",\"urlTemplate\":\"https:\\\/\\\/fwfuer.de\\\/en\\\/?s={search_term_string}\"},\"query-input\":{\"@type\":\"PropertyValueSpecification\",\"valueRequired\":true,\"valueName\":\"search_term_string\"}}],\"inLanguage\":\"en-US\"},{\"@type\":\"Organization\",\"@id\":\"https:\\\/\\\/fwfuer.de\\\/en\\\/#organization\",\"name\":\"F\u00dcR Karlsruhe im Gemeinderat\",\"alternateName\":\"F\u00dcR Karlsruhe mit Stadtrat Friedemann Kalmbach\",\"url\":\"https:\\\/\\\/fwfuer.de\\\/en\\\/\",\"logo\":{\"@type\":\"ImageObject\",\"inLanguage\":\"en-US\",\"@id\":\"https:\\\/\\\/fwfuer.de\\\/en\\\/#\\\/schema\\\/logo\\\/image\\\/\",\"url\":\"https:\\\/\\\/fwfuer.de\\\/wp-content\\\/uploads\\\/2024\\\/07\\\/cropped-Logo-1.png\",\"contentUrl\":\"https:\\\/\\\/fwfuer.de\\\/wp-content\\\/uploads\\\/2024\\\/07\\\/cropped-Logo-1.png\",\"width\":512,\"height\":512,\"caption\":\"F\u00dcR Karlsruhe im Gemeinderat\"},\"image\":{\"@id\":\"https:\\\/\\\/fwfuer.de\\\/en\\\/#\\\/schema\\\/logo\\\/image\\\/\"},\"sameAs\":[\"https:\\\/\\\/www.facebook.com\\\/fwfuer\",\"https:\\\/\\\/x.com\\\/fwfuer\",\"https:\\\/\\\/www.instagram.com\\\/fuerka.de\",\"https:\\\/\\\/de.linkedin.com\\\/company\\\/fw-fr-karlsruhe-gemeinderatsfraktion\",\"https:\\\/\\\/tiktok.com\\\/@fuerka.de\"]},{\"@type\":\"Person\",\"@id\":\"https:\\\/\\\/fwfuer.de\\\/en\\\/#\\\/schema\\\/person\\\/b320b9d84a937dd6e9f2d80be1055c19\",\"name\":\"F\u00dcR Karlsruhe im Gemeinderat\"}]}<\/script>\n<!-- \/ Yoast SEO plugin. -->","yoast_head_json":{"title":"Future use of the Europahalle - Freie W\u00e4hler | F\u00dcR Karlsruhe in the Karlsruhe City Council","description":"Unsere Anfragen und Antr\u00e4ge im Karlsruher Gemeinderat. Durch Anfragen k\u00f6nnen wir Themen neu auf die Tagesordnung setzen lassen - und durch Antr\u00e4ge, \u00c4nderungen oder Erg\u00e4nzungen, \u00fcber Vorschl\u00e4ge abstimmen lassen.","robots":{"index":"index","follow":"follow","max-snippet":"max-snippet:-1","max-image-preview":"max-image-preview:large","max-video-preview":"max-video-preview:-1"},"canonical":"https:\/\/fwfuer.de\/en\/project\/future-use-of-the-europahalle\/","og_locale":"en_US","og_type":"article","og_title":"Future use of the Europahalle - Freie W\u00e4hler | F\u00dcR Karlsruhe in the Karlsruhe City Council","og_description":"Unsere Anfragen und Antr\u00e4ge im Karlsruher Gemeinderat. Durch Anfragen k\u00f6nnen wir Themen neu auf die Tagesordnung setzen lassen - und durch Antr\u00e4ge, \u00c4nderungen oder Erg\u00e4nzungen, \u00fcber Vorschl\u00e4ge abstimmen lassen.","og_url":"https:\/\/fwfuer.de\/en\/project\/future-use-of-the-europahalle\/","og_site_name":"Freie W\u00e4hler | F\u00dcR Karlsruhe in the Karlsruhe City Council","article_publisher":"https:\/\/www.facebook.com\/fwfuer","article_modified_time":"2024-06-10T11:37:25+00:00","og_image":[{"width":2880,"height":2160,"url":"https:\/\/fwfuer.de\/wp-content\/uploads\/2022\/10\/FriedemannOnlineSchulung-scaled.jpeg","type":"image\/jpeg"}],"twitter_card":"summary_large_image","twitter_site":"@fwfuer","twitter_misc":{"Est. reading time":"1 minute"},"schema":{"@context":"https:\/\/schema.org","@graph":[{"@type":["Article","Report"],"@id":"https:\/\/fwfuer.de\/en\/project\/future-use-of-the-europahalle\/#article","isPartOf":{"@id":"https:\/\/fwfuer.de\/en\/project\/future-use-of-the-europahalle\/"},"author":{"name":"F\u00dcR Karlsruhe im Gemeinderat","@id":"https:\/\/fwfuer.de\/en\/#\/schema\/person\/b320b9d84a937dd6e9f2d80be1055c19"},"headline":"Future use of the Europahalle","datePublished":"2023-08-11T09:29:18+00:00","dateModified":"2024-06-10T11:37:25+00:00","mainEntityOfPage":{"@id":"https:\/\/fwfuer.de\/en\/project\/future-use-of-the-europahalle\/"},"wordCount":225,"publisher":{"@id":"https:\/\/fwfuer.de\/en\/#organization"},"inLanguage":"en-US"},{"@type":["WebPage","ItemPage"],"@id":"https:\/\/fwfuer.de\/en\/project\/future-use-of-the-europahalle\/","url":"https:\/\/fwfuer.de\/en\/project\/future-use-of-the-europahalle\/","name":"Future use of the Europahalle - Freie W\u00e4hler | F\u00dcR Karlsruhe in the Karlsruhe City Council","isPartOf":{"@id":"https:\/\/fwfuer.de\/en\/#website"},"datePublished":"2023-08-11T09:29:18+00:00","dateModified":"2024-06-10T11:37:25+00:00","description":"Unsere Anfragen und Antr\u00e4ge im Karlsruher Gemeinderat. Durch Anfragen k\u00f6nnen wir Themen neu auf die Tagesordnung setzen lassen - und durch Antr\u00e4ge, \u00c4nderungen oder Erg\u00e4nzungen, \u00fcber Vorschl\u00e4ge abstimmen lassen.","breadcrumb":{"@id":"https:\/\/fwfuer.de\/en\/project\/future-use-of-the-europahalle\/#breadcrumb"},"inLanguage":"en-US","potentialAction":[{"@type":"ReadAction","target":["https:\/\/fwfuer.de\/en\/project\/future-use-of-the-europahalle\/"]}]},{"@type":"BreadcrumbList","@id":"https:\/\/fwfuer.de\/en\/project\/future-use-of-the-europahalle\/#breadcrumb","itemListElement":[{"@type":"ListItem","position":1,"name":"Startseite","item":"https:\/\/fwfuer.de\/en\/home\/"},{"@type":"ListItem","position":2,"name":"Projects","item":"https:\/\/fwfuer.de\/en\/project\/"},{"@type":"ListItem","position":3,"name":"Future use of the Europahalle"}]},{"@type":"WebSite","@id":"https:\/\/fwfuer.de\/en\/#website","url":"https:\/\/fwfuer.de\/en\/","name":"Freie W\u00e4hler | F\u00dcR Karlsruhe in the Karlsruhe City Council","description":"Free group of councillors in Karlsruhe","publisher":{"@id":"https:\/\/fwfuer.de\/en\/#organization"},"alternateName":"F\u00dcR KARLSRUHE im Gemeinderat","potentialAction":[{"@type":"SearchAction","target":{"@type":"EntryPoint","urlTemplate":"https:\/\/fwfuer.de\/en\/?s={search_term_string}"},"query-input":{"@type":"PropertyValueSpecification","valueRequired":true,"valueName":"search_term_string"}}],"inLanguage":"en-US"},{"@type":"Organization","@id":"https:\/\/fwfuer.de\/en\/#organization","name":"F\u00dcR Karlsruhe im Gemeinderat","alternateName":"F\u00dcR Karlsruhe mit Stadtrat Friedemann Kalmbach","url":"https:\/\/fwfuer.de\/en\/","logo":{"@type":"ImageObject","inLanguage":"en-US","@id":"https:\/\/fwfuer.de\/en\/#\/schema\/logo\/image\/","url":"https:\/\/fwfuer.de\/wp-content\/uploads\/2024\/07\/cropped-Logo-1.png","contentUrl":"https:\/\/fwfuer.de\/wp-content\/uploads\/2024\/07\/cropped-Logo-1.png","width":512,"height":512,"caption":"F\u00dcR Karlsruhe im Gemeinderat"},"image":{"@id":"https:\/\/fwfuer.de\/en\/#\/schema\/logo\/image\/"},"sameAs":["https:\/\/www.facebook.com\/fwfuer","https:\/\/x.com\/fwfuer","https:\/\/www.instagram.com\/fuerka.de","https:\/\/de.linkedin.com\/company\/fw-fr-karlsruhe-gemeinderatsfraktion","https:\/\/tiktok.com\/@fuerka.de"]},{"@type":"Person","@id":"https:\/\/fwfuer.de\/en\/#\/schema\/person\/b320b9d84a937dd6e9f2d80be1055c19","name":"F\u00dcR Karlsruhe im Gemeinderat"}]}},"_links":{"self":[{"href":"https:\/\/fwfuer.de\/en\/wp-json\/wp\/v2\/project\/7341","targetHints":{"allow":["GET"]}}],"collection":[{"href":"https:\/\/fwfuer.de\/en\/wp-json\/wp\/v2\/project"}],"about":[{"href":"https:\/\/fwfuer.de\/en\/wp-json\/wp\/v2\/types\/project"}],"author":[{"embeddable":true,"href":"https:\/\/fwfuer.de\/en\/wp-json\/wp\/v2\/users\/2"}],"replies":[{"embeddable":true,"href":"https:\/\/fwfuer.de\/en\/wp-json\/wp\/v2\/comments?post=7341"}],"version-history":[{"count":2,"href":"https:\/\/fwfuer.de\/en\/wp-json\/wp\/v2\/project\/7341\/revisions"}],"predecessor-version":[{"id":7345,"href":"https:\/\/fwfuer.de\/en\/wp-json\/wp\/v2\/project\/7341\/revisions\/7345"}],"wp:attachment":[{"href":"https:\/\/fwfuer.de\/en\/wp-json\/wp\/v2\/media?parent=7341"}],"wp:term":[{"taxonomy":"project_category","embeddable":true,"href":"https:\/\/fwfuer.de\/en\/wp-json\/wp\/v2\/project_category?post=7341"},{"taxonomy":"project_tag","embeddable":true,"href":"https:\/\/fwfuer.de\/en\/wp-json\/wp\/v2\/project_tag?post=7341"}],"curies":[{"name":"wp","href":"https:\/\/api.w.org\/{rel}","templated":true}]}}