{"id":1861,"date":"2021-01-14T15:17:18","date_gmt":"2021-01-14T14:17:18","guid":{"rendered":"https:\/\/fwfuer.de\/fractiune\/"},"modified":"2026-01-28T14:07:27","modified_gmt":"2026-01-28T13:07:27","slug":"fractiune","status":"publish","type":"page","link":"https:\/\/fwfuer.de\/ro\/fractiune\/","title":{"rendered":"frac\u021biune"},"content":{"rendered":"<p>[et_pb_section fb_built=&#8221;1&#8243; _builder_version=&#8221;4.16&#8243; background_color=&#8221;#2b7f9e&#8221; background_image=&#8221;https:\/\/fwfuer.de\/wp-content\/uploads\/2021\/01\/gruppengespraech1.jpg&#8221; background_blend=&#8221;multiply&#8221; background_enable_video_mp4=&#8221;off&#8221; allow_player_pause=&#8221;on&#8221; background_last_edited=&#8221;on|tablet&#8221; background_enable_video_mp4_tablet=&#8221;off&#8221; global_colors_info=&#8221;{}&#8221;][et_pb_row _builder_version=&#8221;4.16&#8243; min_height=&#8221;99px&#8221; custom_margin=&#8221;|auto|2px|auto||&#8221; global_colors_info=&#8221;{}&#8221;][et_pb_column type=&#8221;4_4&#8243; _builder_version=&#8221;4.16&#8243; global_colors_info=&#8221;{}&#8221;][et_pb_text _builder_version=&#8221;4.27.5&#8243; text_text_color=&#8221;#ffffff&#8221; text_font_size=&#8221;18px&#8221; background_layout=&#8221;dark&#8221; hover_enabled=&#8221;0&#8243; global_colors_info=&#8221;{}&#8221; sticky_enabled=&#8221;0&#8243;]<\/p>\n<p>PENTRU F\u00dcR Karlsruhe \u00een consiliul municipal<\/p>\n<h1>Despre noi<\/h1>\n<p>[\/et_pb_text][\/et_pb_column][\/et_pb_row][\/et_pb_section][et_pb_section fb_built=&#8221;1&#8243; module_id=&#8221;consilieri&#8221; _builder_version=&#8221;4.16&#8243; global_colors_info=&#8221;{}&#8221;][et_pb_row column_structure=&#8221;2_5,3_5&#8243; make_equal=&#8221;on&#8221; _builder_version=&#8221;4.20.2&#8243; _module_preset=&#8221;default&#8221; global_colors_info=&#8221;{}&#8221;][et_pb_column type=&#8221;2_5&#8243; _builder_version=&#8221;4.19.0&#8243; _module_preset=&#8221;default&#8221; global_colors_info=&#8221;{}&#8221;][et_pb_text _builder_version=&#8221;4.27.5&#8243; _module_preset=&#8221;default&#8221; global_colors_info=&#8221;{}&#8221;]<\/p>\n<p>\u00cencep\u00e2nd cu alegerile din 2024, grupul nostru f\u0103r\u0103 partid din Consiliul Local F\u00dcR Karlsruhe a fost format din consilierul municipal individual Friedemann Kalmbach. Avem un grup de num\u0103rare cu grupul parlamentar KAL \u0219i cu grupul parlamentar FW|F\u00dcR. <\/p>\n<p>Din 2019 p\u00e2n\u0103 \u00een 2024, grupul nostru parlamentar a fost alc\u0103tuit din consilieri municipali din partea Aleg\u0103torilor Liberi \u0219i a asocia\u021biei aleg\u0103torilor F\u00dcR Karlsruhe sub forma grupului parlamentar FW|F\u00dcR Karlsruhe. Ambele asocia\u021bii electorale au participat la alegerile locale pentru consiliul municipal din Karlsruhe cu liste independente. Evolu\u021bia num\u0103rului de locuri \u00een consiliul municipal este vizualizat\u0103 \u00een graficul al\u0103turat.<\/p>\n<p>[\/et_pb_text][et_pb_button button_url=&#8221;https:\/\/fwfuer.de\/ro\/informatii-despre-consiliu\/&#8221; url_new_window=&#8221;on&#8221; button_text=&#8221;Revista noastr\u0103&#8221; _builder_version=&#8221;4.19.0&#8243; _module_preset=&#8221;default&#8221; button_icon=&#8221;&#xf1ea;||fa||400&#8243; button_icon_color=&#8221;#A50050&#8243; button_icon_placement=&#8221;left&#8221; button_on_hover=&#8221;off&#8221; global_colors_info=&#8221;{}&#8221;][\/et_pb_button][et_pb_button button_url=&#8221;https:\/\/podcast.fwfuer.de&#8221; url_new_window=&#8221;on&#8221; button_text=&#8221;Podcastul nostru&#8221; _builder_version=&#8221;4.19.0&#8243; _module_preset=&#8221;default&#8221; button_icon=&#8221;&#xf130;||fa||900&#8243; button_icon_color=&#8221;#A50050&#8243; button_icon_placement=&#8221;left&#8221; button_on_hover=&#8221;off&#8221; global_colors_info=&#8221;{}&#8221;][\/et_pb_button][\/et_pb_column][et_pb_column type=&#8221;3_5&#8243; _builder_version=&#8221;4.20.2&#8243; _module_preset=&#8221;default&#8221; background_image=&#8221;https:\/\/fwfuer.de\/wp-content\/uploads\/2022\/11\/Gemeinderat-Karlsruhe-2009-2024.png&#8221; background_size=&#8221;contain&#8221; background_position=&#8221;top_center&#8221; global_colors_info=&#8221;{}&#8221;][et_pb_code _builder_version=&#8221;4.20.2&#8243; _module_preset=&#8221;default&#8221; background_enable_image=&#8221;off&#8221; background_size=&#8221;contain&#8221; global_colors_info=&#8221;{}&#8221;]<\/p>\n<div class=\"flourish-embed flourish-parliament\" data-src=\"visualisation\/4601777\"><script src=\"https:\/\/public.flourish.studio\/resources\/embed.js\"><\/script><\/div>\n<p>[\/et_pb_code][\/et_pb_column][\/et_pb_row][et_pb_row column_structure=&#8221;2_5,3_5&#8243; make_equal=&#8221;on&#8221; _builder_version=&#8221;4.16&#8243; global_colors_info=&#8221;{}&#8221;][et_pb_column type=&#8221;2_5&#8243; _builder_version=&#8221;4.16&#8243; global_colors_info=&#8221;{}&#8221;][et_pb_team_member name=&#8221;Friedemann Kalmbach&#8221; position=&#8221;Consilier municipal unic&#8221; image_url=&#8221;https:\/\/fwfuer.de\/wp-content\/uploads\/2022\/04\/FK.jpg&#8221; facebook_url=&#8221;https:\/\/www.facebook.com\/kalmbach.fuerka&#8221; twitter_url=&#8221;https:\/\/twitter.com\/KalmbachKA&#8221; _builder_version=&#8221;4.27.5&#8243; global_colors_info=&#8221;{}&#8221;]<\/p>\n<p>Din 2009, consilier municipal al grupului de aleg\u0103tori F\u00dcR Karlsruhe.<\/p>\n<p>[\/et_pb_team_member][\/et_pb_column][et_pb_column type=&#8221;3_5&#8243; _builder_version=&#8221;4.16&#8243; global_colors_info=&#8221;{}&#8221;][et_pb_text _builder_version=&#8221;4.16&#8243; global_colors_info=&#8221;{}&#8221;]<\/p>\n<h1>Biroul nostru<\/h1>\n<p>[\/et_pb_text][et_pb_blurb title=&#8221;Usc\u0103tor de p\u0103r&#8221; use_icon=&#8221;on&#8221; font_icon=&#8221;&#xe090;||divi||400&#8243; icon_placement=&#8221;left&#8221; image_icon_width=&#8221;16px&#8221; content_max_width=&#8221;100%&#8221; _builder_version=&#8221;4.16&#8243; _module_preset=&#8221;default&#8221; header_font_size=&#8221;16px&#8221; module_alignment=&#8221;left&#8221; icon_font_size=&#8221;16px&#8221; global_colors_info=&#8221;{}&#8221;]<\/p>\n<p>0721 133 10 96<\/p>\n<p>[\/et_pb_blurb][et_pb_blurb title=&#8221;e-mail&#8221; use_icon=&#8221;on&#8221; font_icon=&#8221;&#xe076;||divi||400&#8243; icon_placement=&#8221;left&#8221; image_icon_width=&#8221;16px&#8221; content_max_width=&#8221;100%&#8221; _builder_version=&#8221;4.20.2&#8243; _module_preset=&#8221;default&#8221; header_font_size=&#8221;16px&#8221; module_alignment=&#8221;left&#8221; icon_font_size=&#8221;16px&#8221; global_colors_info=&#8221;{}&#8221;][\/et_pb_blurb][et_pb_button button_url=&#8221;https:\/\/fwfuer.de\/redirect-mailfraktion.php&#8221; button_text=&#8221;Scrie\u021bi un e-mail acum&#8221; _builder_version=&#8221;4.20.2&#8243; _module_preset=&#8221;default&#8221; custom_margin=&#8221;|||45px|false|false&#8221; global_colors_info=&#8221;{}&#8221;][\/et_pb_button][et_pb_blurb title=&#8221;abordare&#8221; use_icon=&#8221;on&#8221; font_icon=&#8221;&#xe081;||divi||400&#8243; icon_placement=&#8221;left&#8221; image_icon_width=&#8221;16px&#8221; content_max_width=&#8221;100%&#8221; _builder_version=&#8221;4.20.2&#8243; _module_preset=&#8221;default&#8221; header_font_size=&#8221;16px&#8221; module_alignment=&#8221;left&#8221; icon_font_size=&#8221;16px&#8221; global_colors_info=&#8221;{}&#8221;]<\/p>\n<p>F\u00dcR Karlsruhe \u00een consiliul municipal<br \/>Haus der Fraktionen<br \/>Hebelstra\u00dfe 21<br \/>76133 Karlsruhe<\/p>\n<p>[\/et_pb_blurb][et_pb_social_media_follow _builder_version=&#8221;4.16&#8243; _module_preset=&#8221;default&#8221; border_radii=&#8221;on|0px|0px|0px|0px&#8221; global_colors_info=&#8221;{}&#8221;][et_pb_social_media_follow_network social_network=&#8221;facebook&#8221; url=&#8221;https:\/\/www.facebook.com\/fwfuer&#8221; _builder_version=&#8221;4.16&#8243; _module_preset=&#8221;default&#8221; background_color=&#8221;#3b5998&#8243; global_colors_info=&#8221;{}&#8221; follow_button=&#8221;off&#8221; url_new_window=&#8221;on&#8221;]facebook[\/et_pb_social_media_follow_network][et_pb_social_media_follow_network social_network=&#8221;twitter&#8221; url=&#8221;https:\/\/www.twitter.com\/fwfuer&#8221; _builder_version=&#8221;4.22.2&#8243; _module_preset=&#8221;default&#8221; background_color=&#8221;#000000&#8243; global_colors_info=&#8221;{}&#8221; follow_button=&#8221;off&#8221; url_new_window=&#8221;on&#8221;]twitter[\/et_pb_social_media_follow_network][et_pb_social_media_follow_network social_network=&#8221;instagram&#8221; url=&#8221;https:\/\/www.instagram.com\/fwfuer.de&#8221; _builder_version=&#8221;4.16&#8243; _module_preset=&#8221;default&#8221; background_color=&#8221;#ea2c59&#8243; global_colors_info=&#8221;{}&#8221; follow_button=&#8221;off&#8221; url_new_window=&#8221;on&#8221;]instagram[\/et_pb_social_media_follow_network][et_pb_social_media_follow_network social_network=&#8221;youtube&#8221; url=&#8221;https:\/\/www.youtube.com\/channel\/UCRdczgn0yxz64Xqvlh9iYwA&#8221; _builder_version=&#8221;4.16&#8243; _module_preset=&#8221;default&#8221; background_color=&#8221;#a82400&#8243; global_colors_info=&#8221;{}&#8221; follow_button=&#8221;off&#8221; url_new_window=&#8221;on&#8221;]youtube[\/et_pb_social_media_follow_network][et_pb_social_media_follow_network social_network=&#8221;rss&#8221; url=&#8221;https:\/\/fwfuer.de\/feed\/rss&#8221; _builder_version=&#8221;4.16&#8243; _module_preset=&#8221;default&#8221; background_color=&#8221;#ff8a3c&#8221; global_colors_info=&#8221;{}&#8221; follow_button=&#8221;off&#8221; url_new_window=&#8221;on&#8221;]rss[\/et_pb_social_media_follow_network][\/et_pb_social_media_follow][et_pb_blurb title=&#8221;intimitate&#8221; url=&#8221;https:\/\/fwfuer.de\/ro\/politica-de-confidentialitate\/&#8221; use_icon=&#8221;on&#8221; font_icon=&#8221;&#x72;||divi||400&#8243; icon_placement=&#8221;left&#8221; content_max_width=&#8221;100%&#8221; _builder_version=&#8221;4.16&#8243; header_level=&#8221;h3&#8243; header_text_color=&#8221;#2b7f9e&#8221; header_font_size=&#8221;14px&#8221; body_text_color=&#8221;#2b7f9e&#8221; body_line_height=&#8221;1em&#8221; z_index=&#8221;0&#8243; width=&#8221;70%&#8221; module_alignment=&#8221;left&#8221; custom_padding=&#8221;0%|0%|0%|0%|false|false&#8221; link_option_url=&#8221;https:\/\/fwfuer.de\/ro\/politica-de-confidentialitate\/&#8221; border_width_all=&#8221;0px&#8221; global_colors_info=&#8221;{}&#8221;]<\/p>\n<p><a href=\"https:\/\/fwfuer.de\/ro\/politica-de-confidentialitate\/\" title=\"la informa\u021biile privind protec\u021bia datelor\">V\u0103 rug\u0103m s\u0103 re\u021bine\u021bi politica noastr\u0103 de confiden\u021bialitate.<\/a><\/p>\n<p>[\/et_pb_blurb][\/et_pb_column][\/et_pb_row][\/et_pb_section][et_pb_section fb_built=&#8221;1&#8243; module_id=&#8221;Actual&#8221; _builder_version=&#8221;4.16&#8243; global_colors_info=&#8221;{}&#8221;][et_pb_row column_structure=&#8221;1_2,1_2&#8243; disabled_on=&#8221;on|off|off&#8221; _builder_version=&#8221;4.16&#8243; background_color=&#8221;#2b7f9e&#8221; custom_margin=&#8221;|auto|45px|auto||&#8221; custom_padding=&#8221;||45px|||&#8221; global_colors_info=&#8221;{}&#8221;][et_pb_column type=&#8221;1_2&#8243; _builder_version=&#8221;4.16&#8243; global_colors_info=&#8221;{}&#8221;][et_pb_text _builder_version=&#8221;4.16&#8243; background_layout=&#8221;dark&#8221; custom_padding=&#8221;|||20px|false|false&#8221; global_colors_info=&#8221;{}&#8221;]<\/p>\n<h2 class=\"et_pb_module_header et-fb-editable-element et-fb-editable-element et-fb-editable-element__editing\" data-shortcode-id=\"1.0.0.0-1591348980723\" data-quickaccess-id=\"header\" contenteditable=\"true\">Buletinul nostru informativ<\/h2>\n<p>Abona\u021bi-v\u0103 la buletinul nostru informativ pentru a fi informat lunar prin e-mail despre activitatea noastr\u0103 politic\u0103 \u00een consiliul municipal din Karlsruhe.<\/p>\n<p>[\/et_pb_text][\/et_pb_column][et_pb_column type=&#8221;1_2&#8243; _builder_version=&#8221;4.16&#8243; global_colors_info=&#8221;{}&#8221;][et_pb_code _builder_version=&#8221;4.16&#8243; min_height=&#8221;438.2px&#8221; custom_margin=&#8221;-45px||-160px||false|false&#8221; global_colors_info=&#8221;{}&#8221;]<!-- Begin Sendinblue Form --><!-- [et_pb_line_break_holder] --><!-- START - We recommend to place the below code in head tag of your website html  --><!-- [et_pb_line_break_holder] --><\/p>\n<style><!-- [et_pb_line_break_holder] -->  @font-face {<!-- [et_pb_line_break_holder] -->    font-display: block;<!-- [et_pb_line_break_holder] -->    font-color: white !important;<!-- [et_pb_line_break_holder] -->  }<!-- [et_pb_line_break_holder] --><!-- [et_pb_line_break_holder] -->  #sib-container input:-ms-input-placeholder {<!-- [et_pb_line_break_holder] -->    text-align: left;<!-- [et_pb_line_break_holder] -->    color: #c0ccda;<!-- [et_pb_line_break_holder] -->    border-width: px;<!-- [et_pb_line_break_holder] -->  }<!-- [et_pb_line_break_holder] --><!-- [et_pb_line_break_holder] -->  #sib-container input::placeholder {<!-- [et_pb_line_break_holder] -->    text-align: left;<!-- [et_pb_line_break_holder] -->    color: #c0ccda;<!-- [et_pb_line_break_holder] -->    border-width: px;<!-- [et_pb_line_break_holder] -->  }<!-- [et_pb_line_break_holder] --><!-- [et_pb_line_break_holder] -->  #sib-container textarea::placeholder {<!-- [et_pb_line_break_holder] -->    text-align: left;<!-- [et_pb_line_break_holder] -->    color: #c0ccda;<!-- [et_pb_line_break_holder] -->    border-width: px;<!-- [et_pb_line_break_holder] -->  }<!-- [et_pb_line_break_holder] --><\/style>\n<p><!-- [et_pb_line_break_holder] --><link rel=\"stylesheet\" href=\"https:\/\/sibforms.com\/forms\/end-form\/build\/sib-styles.css\"><!-- [et_pb_line_break_holder] --><!--  END - We recommend to place the above code in head tag of your website html --><!-- [et_pb_line_break_holder] --><!-- [et_pb_line_break_holder] --><!-- START - We recommend to place the below code where you want the form in your website html  --><!-- [et_pb_line_break_holder] --><\/p>\n<div class=\"sib-form\" style=\"text-align: center;         background-color: transparent;                                  \"><!-- [et_pb_line_break_holder] -->  <\/p>\n<div id=\"sib-form-container\" class=\"sib-form-container\"><!-- [et_pb_line_break_holder] -->    <\/p>\n<div id=\"error-message\" class=\"sib-form-message-panel\" style=\"font-size:16px; text-align:left; color:#661d1d; background-color:#ffeded; border-color:#ff4949;max-width:540px;\"><!-- [et_pb_line_break_holder] -->      <\/p>\n<div class=\"sib-form-message-panel__text sib-form-message-panel__text--center\"><!-- [et_pb_line_break_holder] -->        <svg viewbox=\"0 0 512 512\" class=\"sib-icon sib-notification__icon\"><!-- [et_pb_line_break_holder] -->          <path d=\"M256 40c118.621 0 216 96.075 216 216 0 119.291-96.61 216-216 216-119.244 0-216-96.562-216-216 0-119.203 96.602-216 216-216m0-32C119.043 8 8 119.083 8 256c0 136.997 111.043 248 248 248s248-111.003 248-248C504 119.083 392.957 8 256 8zm-11.49 120h22.979c6.823 0 12.274 5.682 11.99 12.5l-7 168c-.268 6.428-5.556 11.5-11.99 11.5h-8.979c-6.433 0-11.722-5.073-11.99-11.5l-7-168c-.283-6.818 5.167-12.5 11.99-12.5zM256 340c-15.464 0-28 12.536-28 28s12.536 28 28 28 28-12.536 28-28-12.536-28-28-28z\" wpml:html_comment=\"\" pcetlsbbzxrfcgjfbgluzv9icmvha19ob2xkzxjdic0tpg=\"=\">          \/&gt;<!-- [et_pb_line_break_holder] -->        <\/path><\/svg><!-- [et_pb_line_break_holder] -->        <span class=\"sib-form-message-panel__inner-text\"><!-- [et_pb_line_break_holder] --> \u00cenregistrarea dvs. nu a putut fi salvat\u0103. V\u0103 rug\u0103m s\u0103 \u00eencerca\u021bi din nou.<!-- [et_pb_line_break_holder] -->                      <\/span><!-- [et_pb_line_break_holder] -->      <\/div>\n<p><!-- [et_pb_line_break_holder] -->    <\/div>\n<p><!-- [et_pb_line_break_holder] -->    <\/p>\n<div><\/div>\n<p><!-- [et_pb_line_break_holder] -->    <\/p>\n<div id=\"success-message\" class=\"sib-form-message-panel\" style=\"font-size:16px; text-align:left; color:#085229; background-color:#e7faf0; border-radius:3px; border-width:px; border-color:#13ce66;max-width:540px; border-width:px;\"><!-- [et_pb_line_break_holder] -->      <\/p>\n<div class=\"sib-form-message-panel__text sib-form-message-panel__text--center\"><!-- [et_pb_line_break_holder] -->        <svg viewbox=\"0 0 512 512\" class=\"sib-icon sib-notification__icon\"><!-- [et_pb_line_break_holder] -->          <path d=\"M256 8C119.033 8 8 119.033 8 256s111.033 248 248 248 248-111.033 248-248S392.967 8 256 8zm0 464c-118.664 0-216-96.055-216-216 0-118.663 96.055-216 216-216 118.664 0 216 96.055 216 216 0 118.663-96.055 216-216 216zm141.63-274.961L217.15 376.071c-4.705 4.667-12.303 4.637-16.97-.068l-85.878-86.572c-4.667-4.705-4.637-12.303.068-16.97l8.52-8.451c4.705-4.667 12.303-4.637 16.97.068l68.976 69.533 163.441-162.13c4.705-4.667 12.303-4.637 16.97.068l8.451 8.52c4.668 4.705 4.637 12.303-.068 16.97z\" wpml:html_comment=\"\" pcetlsbbzxrfcgjfbgluzv9icmvha19ob2xkzxjdic0tpg=\"=\">          \/&gt;<!-- [et_pb_line_break_holder] -->        <\/path><\/svg><!-- [et_pb_line_break_holder] -->        <span class=\"sib-form-message-panel__inner-text\"><!-- [et_pb_line_break_holder] --> \u00cenregistrarea dvs. a avut succes. V-am trimis un e-mail pentru confirmare.<!-- [et_pb_line_break_holder] -->                      <\/span><!-- [et_pb_line_break_holder] -->      <\/div>\n<p><!-- [et_pb_line_break_holder] -->    <\/div>\n<p><!-- [et_pb_line_break_holder] -->    <\/p>\n<div><\/div>\n<p><!-- [et_pb_line_break_holder] -->    <\/p>\n<div id=\"sib-container\" class=\"sib-container--large sib-container--vertical\" style=\"text-align:center; background-color:transparent; max-width:540px;\"><!-- [et_pb_line_break_holder] -->      <\/p>\n<form id=\"sib-form\" method=\"POST\" action=\"https:\/\/f0712295.sibforms.com\/serve\/MUIEAGNKgWI-V1-sUgKPVqoWXWIPxtKncp3cJ4Mnz8ZrPKixLJ63Q9g4fVnvQlpkbNjzmU7aQE_G854T8M59U5A1LumVum7pz0BxEUBdlBqWRQqnEfypZ5JIyzxLWWkAfbL10l30UJHrlyAcMmVWMyu2MgwSWNLwPx-JdF1U74OcPlYTyFWokYDhMPlmGDJwTkjWnAhvKx8NDLtC\" data-type=\"subscription\"><!-- [et_pb_line_break_holder] -->        <\/p>\n<div style=\"padding: 8px 0;\"><!-- [et_pb_line_break_holder] -->          <\/p>\n<div class=\"sib-input sib-form-block\"><!-- [et_pb_line_break_holder] -->            <\/p>\n<div class=\"form__entry entry_block\"><!-- [et_pb_line_break_holder] -->              <\/p>\n<div class=\"form__label-row \"><!-- [et_pb_line_break_holder] --><!-- [et_pb_line_break_holder] -->                <\/p>\n<div class=\"entry__field\"><!-- [et_pb_line_break_holder] -->                  <input class=\"input\" type=\"text\" id=\"EMAIL\" name=\"EMAIL\" autocomplete=\"off\" placeholder=\"E-mail (obligatoriu)\" data-required=\"true\" required=\"\"><!-- [et_pb_line_break_holder] -->                <\/div>\n<p><!-- [et_pb_line_break_holder] -->              <\/div>\n<p><!-- [et_pb_line_break_holder] --><!-- [et_pb_line_break_holder] -->              <label class=\"entry__error entry__error--primary\" style=\"font-size:16px; text-align:left; color:#661d1d; background-color:#ffeded; border-radius:0px; border-width:px; border-color:#ff4949;\"><!-- [et_pb_line_break_holder] -->              <\/label><!-- [et_pb_line_break_holder] -->            <\/div>\n<p><!-- [et_pb_line_break_holder] -->          <\/div>\n<p><!-- [et_pb_line_break_holder] -->        <\/div>\n<p><!-- [et_pb_line_break_holder] -->        <\/p>\n<div style=\"padding: 8px 0;\"><!-- [et_pb_line_break_holder] -->          <\/p>\n<div class=\"sib-form__declaration\"><!-- [et_pb_line_break_holder] -->            <\/p>\n<div class=\"declaration-block-icon\"><!-- [et_pb_line_break_holder] -->              <svg class=\"icon__SVG\" width=\"0\" height=\"0\" version=\"1.1\" xmlns=\"http:\/\/www.w3.org\/2000\/svg\"><!-- [et_pb_line_break_holder] -->                <defs><!-- [et_pb_line_break_holder] -->                  <symbol id=\"svgIcon-sphere\" viewbox=\"0 0 63 63\"><!-- [et_pb_line_break_holder] -->                    <path class=\"path1\" d=\"M31.54 0l1.05 3.06 3.385-.01-2.735 1.897 1.05 3.042-2.748-1.886-2.738 1.886 1.044-3.05-2.745-1.897h3.393zm13.97 3.019L46.555 6.4l3.384.01-2.743 2.101 1.048 3.387-2.752-2.1-2.752 2.1 1.054-3.382-2.745-2.105h3.385zm9.998 10.056l1.039 3.382h3.38l-2.751 2.1 1.05 3.382-2.744-2.091-2.743 2.091 1.054-3.381-2.754-2.1h3.385zM58.58 27.1l1.04 3.372h3.379l-2.752 2.096 1.05 3.387-2.744-2.091-2.75 2.092 1.054-3.387-2.747-2.097h3.376zm-3.076 14.02l1.044 3.364h3.385l-2.743 2.09 1.05 3.392-2.744-2.097-2.743 2.097 1.052-3.377-2.752-2.117 3.385-.01zm-9.985 9.91l1.045 3.364h3.393l-2.752 2.09 1.05 3.393-2.745-2.097-2.743 2.097 1.05-3.383-2.751-2.1 3.384-.01zM31.45 55.01l1.044 3.043 3.393-.008-2.752 1.9L34.19 63l-2.744-1.895-2.748 1.891 1.054-3.05-2.743-1.9h3.384zm-13.934-3.98l1.036 3.364h3.402l-2.752 2.09 1.053 3.393-2.747-2.097-2.752 2.097 1.053-3.382-2.743-2.1 3.384-.01zm-9.981-9.91l1.045 3.364h3.398l-2.748 2.09 1.05 3.392-2.753-2.1-2.752 2.096 1.053-3.382-2.743-2.102 3.384-.009zM4.466 27.1l1.038 3.372H8.88l-2.752 2.097 1.053 3.387-2.743-2.09-2.748 2.09 1.053-3.387L0 30.472h3.385zm3.069-14.025l1.045 3.382h3.395L9.23 18.56l1.05 3.381-2.752-2.09-2.752 2.09 1.053-3.381-2.744-2.1h3.384zm9.99-10.056L18.57 6.4l3.393.01-2.743 2.1 1.05 3.373-2.754-2.092-2.751 2.092 1.053-3.382-2.744-2.1h3.384zm24.938 19.394l-10-4.22a2.48 2.48 0 00-1.921 0l-10 4.22A2.529 2.529 0 0019 24.75c0 10.47 5.964 17.705 11.537 20.057a2.48 2.48 0 001.921 0C36.921 42.924 44 36.421 44 24.75a2.532 2.532 0 00-1.537-2.336zm-2.46 6.023l-9.583 9.705a.83.83 0 01-1.177 0l-5.416-5.485a.855.855 0 010-1.192l1.177-1.192a.83.83 0 011.177 0l3.65 3.697 7.819-7.916a.83.83 0 011.177 0l1.177 1.191a.843.843 0 010 1.192z\" wpml:html_comment=\"\" pcetlsbbzxrfcgjfbgluzv9icmvha19ob2xkzxjdic0tpg=\"=\">                      fill=&#8221;#a50050&#8243;&gt;<\/path><!-- [et_pb_line_break_holder] -->                  <\/path><\/symbol><!-- [et_pb_line_break_holder] -->                <\/defs><!-- [et_pb_line_break_holder] -->              <\/svg><!-- [et_pb_line_break_holder] -->              <svg class=\"svgIcon-sphere\" style=\"width:63px; height:63px;\"><!-- [et_pb_line_break_holder] -->                <use xlink:href=\"#svgIcon-sphere\"\/><!-- [et_pb_line_break_holder] -->              <\/svg><!-- [et_pb_line_break_holder] -->            <\/div>\n<p><!-- [et_pb_line_break_holder] -->            <pee style=\"font-size:12px; text-align:left; color:#fff;\"><!-- [et_pb_line_break_holder] --> Folosim Sendinblue ca platform\u0103 de marketing. Prin completarea \u0219i trimiterea formularului, confirma\u021bi c\u0103 informa\u021biile pe care le-a\u021bi furnizat vor fi transferate c\u0103tre Sendinblue pentru procesare \u00een conformitate cu<!-- [et_pb_line_break_holder] --> <a target=\"_blank\" class=\"clickable_link\" style=\"color: #a50050;\" href=\"https:\/\/de.sendinblue.com\/legal\/termsofuse\/\" rel=\"noopener noreferrer\">Termenii de utilizare<\/a> sunt transfera\u021bi.<!-- [et_pb_line_break_holder] -->            <\/pee><!-- [et_pb_line_break_holder] -->          <\/div>\n<p><!-- [et_pb_line_break_holder] --><!-- [et_pb_line_break_holder] -->        <\/div>\n<p><!-- [et_pb_line_break_holder] -->        <\/p>\n<div style=\"padding: 8px 0;\"><!-- [et_pb_line_break_holder] -->          <\/p>\n<div class=\"sib-form-block\" style=\"text-align: left\"><!-- [et_pb_line_break_holder] -->            <button class=\"sib-form-block__button sib-form-block__button-with-loader\" style=\"font-size:16px; text-align:left; font-weight:700; color:#FFFFFF; background-color:#3E4857; border-width: 2px;\" form=\"sib-form\" type=\"submit\"><!-- [et_pb_line_break_holder] -->              <svg class=\"icon clickable__icon progress-indicator__icon sib-hide-loader-icon\" viewbox=\"0 0 512 512\"><!-- [et_pb_line_break_holder] -->                <path d=\"M460.116 373.846l-20.823-12.022c-5.541-3.199-7.54-10.159-4.663-15.874 30.137-59.886 28.343-131.652-5.386-189.946-33.641-58.394-94.896-95.833-161.827-99.676C261.028 55.961 256 50.751 256 44.352V20.309c0-6.904 5.808-12.337 12.703-11.982 83.556 4.306 160.163 50.864 202.11 123.677 42.063 72.696 44.079 162.316 6.031 236.832-3.14 6.148-10.75 8.461-16.728 5.01z\" wpml:html_comment=\"\" pcetlsbbzxrfcgjfbgluzv9icmvha19ob2xkzxjdic0tpg=\"=\">                \/&gt;<!-- [et_pb_line_break_holder] -->              <\/path><\/svg><!-- [et_pb_line_break_holder] -->  \u00ceNREGISTRARE<!-- [et_pb_line_break_holder] -->            <\/button><!-- [et_pb_line_break_holder] -->          <\/div>\n<p><!-- [et_pb_line_break_holder] -->        <\/div>\n<p><!-- [et_pb_line_break_holder] --><!-- [et_pb_line_break_holder] -->        <input type=\"text\" name=\"email_address_check\" value=\"\" class=\"input--hidden\"><!-- [et_pb_line_break_holder] -->        <input type=\"hidden\" name=\"locale\" value=\"de\"><!-- [et_pb_line_break_holder] -->      <\/form>\n<p><!-- [et_pb_line_break_holder] -->    <\/div>\n<p><!-- [et_pb_line_break_holder] -->  <\/div>\n<p><!-- [et_pb_line_break_holder] --><\/div>\n<p><!-- [et_pb_line_break_holder] --><!-- END - We recommend to place the below code where you want the form in your website html  --><!-- [et_pb_line_break_holder] --><!-- [et_pb_line_break_holder] --><!-- START - We recommend to place the below code in footer or bottom of your website html  --><!-- [et_pb_line_break_holder] --><script><!-- [et_pb_line_break_holder] -->  window.REQUIRED_CODE_ERROR_MESSAGE = 'W\u00e4hlen Sie bitte einen L\u00e4ndervorwahl aus.';<!-- [et_pb_line_break_holder] --><!-- [et_pb_line_break_holder] -->  window.EMAIL_INVALID_MESSAGE = window.SMS_INVALID_MESSAGE = \"Die eingegebenen Informationen sind nicht g\u00fcltig. Bitte \u00fcberpr\u00fcfen Sie das Feldformat und versuchen Sie es erneut.\";<!-- [et_pb_line_break_holder] --><!-- [et_pb_line_break_holder] -->  window.REQUIRED_ERROR_MESSAGE = \"Dieses Feld darf nicht leer sein. \";<!-- [et_pb_line_break_holder] --><!-- [et_pb_line_break_holder] -->  window.GENERIC_INVALID_MESSAGE = \"Die eingegebenen Informationen sind nicht g\u00fcltig. Bitte \u00fcberpr\u00fcfen Sie das Feldformat und versuchen Sie es erneut.\";<!-- [et_pb_line_break_holder] --><!-- [et_pb_line_break_holder] --><!-- [et_pb_line_break_holder] --><!-- [et_pb_line_break_holder] --><!-- [et_pb_line_break_holder] -->  window.translation = {<!-- [et_pb_line_break_holder] -->    common: {<!-- [et_pb_line_break_holder] -->      selectedList: '{quantity} Liste ausgew\u00e4hlt',<!-- [et_pb_line_break_holder] -->      selectedLists: '{quantity} Listen ausgew\u00e4hlt'<!-- [et_pb_line_break_holder] -->    }<!-- [et_pb_line_break_holder] -->  };<!-- [et_pb_line_break_holder] --><!-- [et_pb_line_break_holder] -->  var AUTOHIDE = Boolean(0);<!-- [et_pb_line_break_holder] --><\/script><!-- [et_pb_line_break_holder] --><script src=\"https:\/\/sibforms.com\/forms\/end-form\/build\/main.js\"><!-- [et_pb_line_break_holder] --><\/script><!-- [et_pb_line_break_holder] --><!-- [et_pb_line_break_holder] --><!-- [et_pb_line_break_holder] --><!-- END - We recommend to place the above code in footer or bottom of your website html  --><!-- [et_pb_line_break_holder] --><!-- End Sendinblue Form -->[\/et_pb_code][\/et_pb_column][\/et_pb_row][\/et_pb_section][et_pb_section fb_built=&#8221;1&#8243; _builder_version=&#8221;4.19.0&#8243; _module_preset=&#8221;default&#8221; global_colors_info=&#8221;{}&#8221;][et_pb_row column_structure=&#8221;1_5,1_5,1_5,1_5,1_5&#8243; _builder_version=&#8221;4.17.1&#8243; _module_preset=&#8221;default&#8221; global_module=&#8221;1298&#8243; saved_tabs=&#8221;all&#8221; global_colors_info=&#8221;{}&#8221;][et_pb_column type=&#8221;1_5&#8243; _builder_version=&#8221;4.17.1&#8243; _module_preset=&#8221;default&#8221; global_colors_info=&#8221;{}&#8221;][et_pb_blurb url=&#8221;https:\/\/xn--baw-joa.social\/@fwfuer&#8221; url_new_window=&#8221;on&#8221; use_icon=&#8221;on&#8221; font_icon=&#8221;&#xf4f6;||fa||400&#8243; icon_placement=&#8221;left&#8221; _builder_version=&#8221;4.20.4&#8243; _module_preset=&#8221;default&#8221; header_text_align=&#8221;left&#8221; body_link_text_color=&#8221;#2B7F9E&#8221; link_option_url=&#8221;https:\/\/xn--baw-joa.social\/@fwfuer&#8221; link_option_url_new_window=&#8221;on&#8221; global_colors_info=&#8221;{}&#8221; icon_color__hover_enabled=&#8221;on|hover&#8221; icon_color__hover=&#8221;#A50050&#8243; header_text_color__hover_enabled=&#8221;off|hover&#8221; body_text_color__hover_enabled=&#8221;on|hover&#8221; body_link_text_color__hover_enabled=&#8221;on|hover&#8221; body_link_text_color__hover=&#8221;#A50050&#8243;]<\/p>\n<p><a rel=\"me\" href=\"https:\/\/xn--baw-joa.social\/@fwfuer\">mastodont<\/a><\/p>\n<p>[\/et_pb_blurb][\/et_pb_column][et_pb_column type=&#8221;1_5&#8243; _builder_version=&#8221;4.17.1&#8243; _module_preset=&#8221;default&#8221; global_colors_info=&#8221;{}&#8221;][et_pb_blurb url=&#8221;https:\/\/twitter.com\/fwfuer&#8221; url_new_window=&#8221;on&#8221; use_icon=&#8221;on&#8221; font_icon=&#8221;&#xe094;||divi||400&#8243; icon_placement=&#8221;left&#8221; _builder_version=&#8221;4.17.1&#8243; _module_preset=&#8221;default&#8221; header_text_align=&#8221;left&#8221; body_link_text_color=&#8221;#2B7F9E&#8221; link_option_url=&#8221;https:\/\/twitter.com\/fwfuer&#8221; link_option_url_new_window=&#8221;on&#8221; global_colors_info=&#8221;{}&#8221; body_text_color__hover_enabled=&#8221;on|hover&#8221; body_link_text_color__hover=&#8221;#A50050&#8243; body_link_text_color__hover_enabled=&#8221;on|hover&#8221; icon_color__hover=&#8221;#A50050&#8243; icon_color__hover_enabled=&#8221;on|hover&#8221;]<a rel=\"me\" href=\"https:\/\/twitter.com\/fwfuer\">Stare de nervozitate<\/a>[\/et_pb_blurb][\/et_pb_column][et_pb_column type=&#8221;1_5&#8243; _builder_version=&#8221;4.17.1&#8243; _module_preset=&#8221;default&#8221; global_colors_info=&#8221;{}&#8221;][et_pb_blurb url=&#8221;https:\/\/instagram.com\/fwfuer.de&#8221; url_new_window=&#8221;on&#8221; use_icon=&#8221;on&#8221; font_icon=&#8221;&#xf16d;||fa||400&#8243; icon_placement=&#8221;left&#8221; admin_label=&#8221;Informationstext&#8221; _builder_version=&#8221;4.17.1&#8243; _module_preset=&#8221;default&#8221; header_text_align=&#8221;left&#8221; body_link_text_color=&#8221;#2B7F9E&#8221; link_option_url=&#8221;https:\/\/instagram.com\/fwfuer.de&#8221; link_option_url_new_window=&#8221;on&#8221; global_colors_info=&#8221;{}&#8221; body_text_color__hover_enabled=&#8221;on|hover&#8221; body_link_text_color__hover=&#8221;#A50050&#8243; body_link_text_color__hover_enabled=&#8221;on|hover&#8221; icon_color__hover=&#8221;#A50050&#8243; icon_color__hover_enabled=&#8221;on|hover&#8221;]<a rel=\"me\" href=\"https:\/\/instagram.com\/fwfuer.de\">Instagram<\/a>[\/et_pb_blurb][\/et_pb_column][et_pb_column type=&#8221;1_5&#8243; _builder_version=&#8221;4.17.1&#8243; _module_preset=&#8221;default&#8221; global_colors_info=&#8221;{}&#8221;][et_pb_blurb url=&#8221;https:\/\/facebook.com\/fwfuer&#8221; url_new_window=&#8221;on&#8221; use_icon=&#8221;on&#8221; font_icon=&#8221;&#xf09a;||fa||400&#8243; icon_placement=&#8221;left&#8221; _builder_version=&#8221;4.17.1&#8243; _module_preset=&#8221;default&#8221; header_text_align=&#8221;left&#8221; body_link_text_color=&#8221;#2B7F9E&#8221; link_option_url=&#8221;https:\/\/facebook.com\/fwfuer&#8221; link_option_url_new_window=&#8221;on&#8221; global_colors_info=&#8221;{}&#8221; body_text_color__hover_enabled=&#8221;on|hover&#8221; body_link_text_color__hover=&#8221;#A50050&#8243; body_link_text_color__hover_enabled=&#8221;on|hover&#8221; icon_color__hover=&#8221;#A50050&#8243; icon_color__hover_enabled=&#8221;on|hover&#8221;]<a rel=\"me\" href=\"https:\/\/facebook.com\/fwfuer\">Facebook<\/a>[\/et_pb_blurb][\/et_pb_column][et_pb_column type=&#8221;1_5&#8243; _builder_version=&#8221;4.17.1&#8243; _module_preset=&#8221;default&#8221; global_colors_info=&#8221;{}&#8221;][et_pb_blurb url=&#8221;https:\/\/podcast.fwfuer.de&#8221; url_new_window=&#8221;on&#8221; use_icon=&#8221;on&#8221; font_icon=&#8221;&#xf2ce;||fa||900&#8243; icon_placement=&#8221;left&#8221; _builder_version=&#8221;4.17.1&#8243; _module_preset=&#8221;default&#8221; header_text_align=&#8221;left&#8221; body_link_text_color=&#8221;#2B7F9E&#8221; link_option_url=&#8221;https:\/\/podcast.fwfuer.de\/&#8221; link_option_url_new_window=&#8221;on&#8221; global_colors_info=&#8221;{}&#8221; body_text_color__hover_enabled=&#8221;on|hover&#8221; body_link_text_color__hover=&#8221;#A50050&#8243; body_link_text_color__hover_enabled=&#8221;on|hover&#8221; icon_color__hover=&#8221;#A50050&#8243; icon_color__hover_enabled=&#8221;on|hover&#8221;]<a rel=\"me\" href=\"https:\/\/podcast.fwfuer.de\">podcast<\/a>[\/et_pb_blurb][\/et_pb_column][\/et_pb_row][\/et_pb_section]<\/p>\n","protected":false},"excerpt":{"rendered":"<p>PENTRU F\u00dcR Karlsruhe \u00een consiliul municipal Despre noi\u00cencep\u00e2nd cu alegerile din 2024, grupul nostru f\u0103r\u0103 partid din Consiliul Local F\u00dcR Karlsruhe a fost format din consilierul municipal individual Friedemann Kalmbach. Avem un grup de num\u0103rare cu grupul parlamentar KAL \u0219i cu grupul parlamentar FW|F\u00dcR. Din 2019 p\u00e2n\u0103 \u00een 2024, grupul nostru parlamentar a fost alc\u0103tuit [&hellip;]<\/p>\n","protected":false},"author":1,"featured_media":1573,"parent":0,"menu_order":0,"comment_status":"closed","ping_status":"closed","template":"","meta":{"_acf_changed":false,"_et_pb_use_builder":"on","_et_pb_old_content":"","_et_gb_content_width":"","footnotes":"","_links_to":"","_links_to_target":""},"class_list":["post-1861","page","type-page","status-publish","has-post-thumbnail","hentry"],"acf":[],"yoast_head":"<!-- This site is optimized with the Yoast SEO plugin v27.4 - https:\/\/yoast.com\/product\/yoast-seo-wordpress\/ -->\n<title>frac\u021biune - Freie W\u00e4hler | F\u00dcR Karlsruhe \u00een Consiliul Municipal Karlsruhe<\/title>\n<meta name=\"description\" content=\"Freie W\u00e4hler | F\u00dcR Karlsruhe \u00een Consiliul Municipal Karlsruhe : frac\u021biune\" \/>\n<meta name=\"robots\" content=\"index, follow, max-snippet:-1, max-image-preview:large, max-video-preview:-1\" \/>\n<link rel=\"canonical\" href=\"https:\/\/fwfuer.de\/ro\/fractiune\/\" \/>\n<meta property=\"og:locale\" content=\"ro_RO\" \/>\n<meta property=\"og:type\" content=\"article\" \/>\n<meta property=\"og:title\" content=\"frac\u021biune - Freie W\u00e4hler | F\u00dcR Karlsruhe \u00een Consiliul Municipal Karlsruhe\" \/>\n<meta property=\"og:description\" content=\"Freie W\u00e4hler | F\u00dcR Karlsruhe \u00een Consiliul Municipal Karlsruhe : frac\u021biune\" \/>\n<meta property=\"og:url\" content=\"https:\/\/fwfuer.de\/ro\/fractiune\/\" \/>\n<meta property=\"og:site_name\" content=\"Freie W\u00e4hler | F\u00dcR Karlsruhe \u00een Consiliul Municipal Karlsruhe\" \/>\n<meta property=\"article:publisher\" content=\"https:\/\/www.facebook.com\/fwfuer\" \/>\n<meta property=\"article:modified_time\" content=\"2026-01-28T13:07:27+00:00\" \/>\n<meta property=\"og:image\" content=\"https:\/\/fwfuer.de\/wp-content\/uploads\/2021\/01\/UnsereFraktion-Cover.jpg\" \/>\n\t<meta property=\"og:image:width\" content=\"1281\" \/>\n\t<meta property=\"og:image:height\" content=\"801\" \/>\n\t<meta property=\"og:image:type\" content=\"image\/jpeg\" \/>\n<meta name=\"twitter:card\" content=\"summary_large_image\" \/>\n<meta name=\"twitter:site\" content=\"@fwfuer\" \/>\n<meta name=\"twitter:label1\" content=\"Timp estimat pentru citire\" \/>\n\t<meta name=\"twitter:data1\" content=\"9 minute\" \/>\n<script type=\"application\/ld+json\" class=\"yoast-schema-graph\">{\"@context\":\"https:\\\/\\\/schema.org\",\"@graph\":[{\"@type\":\"WebPage\",\"@id\":\"https:\\\/\\\/fwfuer.de\\\/ro\\\/fractiune\\\/\",\"url\":\"https:\\\/\\\/fwfuer.de\\\/ro\\\/fractiune\\\/\",\"name\":\"frac\u021biune - Freie W\u00e4hler | F\u00dcR Karlsruhe \u00een Consiliul Municipal Karlsruhe\",\"isPartOf\":{\"@id\":\"https:\\\/\\\/fwfuer.de\\\/ro\\\/#website\"},\"primaryImageOfPage\":{\"@id\":\"https:\\\/\\\/fwfuer.de\\\/ro\\\/fractiune\\\/#primaryimage\"},\"image\":{\"@id\":\"https:\\\/\\\/fwfuer.de\\\/ro\\\/fractiune\\\/#primaryimage\"},\"thumbnailUrl\":\"https:\\\/\\\/fwfuer.de\\\/wp-content\\\/uploads\\\/2021\\\/01\\\/UnsereFraktion-Cover.jpg\",\"datePublished\":\"2021-01-14T14:17:18+00:00\",\"dateModified\":\"2026-01-28T13:07:27+00:00\",\"description\":\"Freie W\u00e4hler | F\u00dcR Karlsruhe \u00een Consiliul Municipal Karlsruhe : frac\u021biune\",\"breadcrumb\":{\"@id\":\"https:\\\/\\\/fwfuer.de\\\/ro\\\/fractiune\\\/#breadcrumb\"},\"inLanguage\":\"ro-RO\",\"potentialAction\":[{\"@type\":\"ReadAction\",\"target\":[\"https:\\\/\\\/fwfuer.de\\\/ro\\\/fractiune\\\/\"]}]},{\"@type\":\"ImageObject\",\"inLanguage\":\"ro-RO\",\"@id\":\"https:\\\/\\\/fwfuer.de\\\/ro\\\/fractiune\\\/#primaryimage\",\"url\":\"https:\\\/\\\/fwfuer.de\\\/wp-content\\\/uploads\\\/2021\\\/01\\\/UnsereFraktion-Cover.jpg\",\"contentUrl\":\"https:\\\/\\\/fwfuer.de\\\/wp-content\\\/uploads\\\/2021\\\/01\\\/UnsereFraktion-Cover.jpg\",\"width\":1281,\"height\":801},{\"@type\":\"BreadcrumbList\",\"@id\":\"https:\\\/\\\/fwfuer.de\\\/ro\\\/fractiune\\\/#breadcrumb\",\"itemListElement\":[{\"@type\":\"ListItem\",\"position\":1,\"name\":\"Startseite\",\"item\":\"https:\\\/\\\/fwfuer.de\\\/ro\\\/acasa\\\/\"},{\"@type\":\"ListItem\",\"position\":2,\"name\":\"frac\u021biune\"}]},{\"@type\":\"WebSite\",\"@id\":\"https:\\\/\\\/fwfuer.de\\\/ro\\\/#website\",\"url\":\"https:\\\/\\\/fwfuer.de\\\/ro\\\/\",\"name\":\"Freie W\u00e4hler | F\u00dcR Karlsruhe \u00een Consiliul Municipal Karlsruhe\",\"description\":\"Grupul liber al consilierilor din Karlsruhe\",\"publisher\":{\"@id\":\"https:\\\/\\\/fwfuer.de\\\/ro\\\/#organization\"},\"alternateName\":\"F\u00dcR KARLSRUHE im Gemeinderat\",\"potentialAction\":[{\"@type\":\"SearchAction\",\"target\":{\"@type\":\"EntryPoint\",\"urlTemplate\":\"https:\\\/\\\/fwfuer.de\\\/ro\\\/?s={search_term_string}\"},\"query-input\":{\"@type\":\"PropertyValueSpecification\",\"valueRequired\":true,\"valueName\":\"search_term_string\"}}],\"inLanguage\":\"ro-RO\"},{\"@type\":\"Organization\",\"@id\":\"https:\\\/\\\/fwfuer.de\\\/ro\\\/#organization\",\"name\":\"F\u00dcR Karlsruhe im Gemeinderat\",\"alternateName\":\"F\u00dcR Karlsruhe mit Stadtrat Friedemann Kalmbach\",\"url\":\"https:\\\/\\\/fwfuer.de\\\/ro\\\/\",\"logo\":{\"@type\":\"ImageObject\",\"inLanguage\":\"ro-RO\",\"@id\":\"https:\\\/\\\/fwfuer.de\\\/ro\\\/#\\\/schema\\\/logo\\\/image\\\/\",\"url\":\"https:\\\/\\\/fwfuer.de\\\/wp-content\\\/uploads\\\/2024\\\/07\\\/cropped-Logo-1.png\",\"contentUrl\":\"https:\\\/\\\/fwfuer.de\\\/wp-content\\\/uploads\\\/2024\\\/07\\\/cropped-Logo-1.png\",\"width\":512,\"height\":512,\"caption\":\"F\u00dcR Karlsruhe im Gemeinderat\"},\"image\":{\"@id\":\"https:\\\/\\\/fwfuer.de\\\/ro\\\/#\\\/schema\\\/logo\\\/image\\\/\"},\"sameAs\":[\"https:\\\/\\\/www.facebook.com\\\/fwfuer\",\"https:\\\/\\\/x.com\\\/fwfuer\",\"https:\\\/\\\/www.instagram.com\\\/fuerka.de\",\"https:\\\/\\\/de.linkedin.com\\\/company\\\/fw-fr-karlsruhe-gemeinderatsfraktion\",\"https:\\\/\\\/tiktok.com\\\/@fuerka.de\"]}]}<\/script>\n<!-- \/ Yoast SEO plugin. -->","yoast_head_json":{"title":"frac\u021biune - Freie W\u00e4hler | F\u00dcR Karlsruhe \u00een Consiliul Municipal Karlsruhe","description":"Freie W\u00e4hler | F\u00dcR Karlsruhe \u00een Consiliul Municipal Karlsruhe : frac\u021biune","robots":{"index":"index","follow":"follow","max-snippet":"max-snippet:-1","max-image-preview":"max-image-preview:large","max-video-preview":"max-video-preview:-1"},"canonical":"https:\/\/fwfuer.de\/ro\/fractiune\/","og_locale":"ro_RO","og_type":"article","og_title":"frac\u021biune - Freie W\u00e4hler | F\u00dcR Karlsruhe \u00een Consiliul Municipal Karlsruhe","og_description":"Freie W\u00e4hler | F\u00dcR Karlsruhe \u00een Consiliul Municipal Karlsruhe : frac\u021biune","og_url":"https:\/\/fwfuer.de\/ro\/fractiune\/","og_site_name":"Freie W\u00e4hler | F\u00dcR Karlsruhe \u00een Consiliul Municipal Karlsruhe","article_publisher":"https:\/\/www.facebook.com\/fwfuer","article_modified_time":"2026-01-28T13:07:27+00:00","og_image":[{"width":1281,"height":801,"url":"https:\/\/fwfuer.de\/wp-content\/uploads\/2021\/01\/UnsereFraktion-Cover.jpg","type":"image\/jpeg"}],"twitter_card":"summary_large_image","twitter_site":"@fwfuer","twitter_misc":{"Timp estimat pentru citire":"9 minute"},"schema":{"@context":"https:\/\/schema.org","@graph":[{"@type":"WebPage","@id":"https:\/\/fwfuer.de\/ro\/fractiune\/","url":"https:\/\/fwfuer.de\/ro\/fractiune\/","name":"frac\u021biune - Freie W\u00e4hler | F\u00dcR Karlsruhe \u00een Consiliul Municipal Karlsruhe","isPartOf":{"@id":"https:\/\/fwfuer.de\/ro\/#website"},"primaryImageOfPage":{"@id":"https:\/\/fwfuer.de\/ro\/fractiune\/#primaryimage"},"image":{"@id":"https:\/\/fwfuer.de\/ro\/fractiune\/#primaryimage"},"thumbnailUrl":"https:\/\/fwfuer.de\/wp-content\/uploads\/2021\/01\/UnsereFraktion-Cover.jpg","datePublished":"2021-01-14T14:17:18+00:00","dateModified":"2026-01-28T13:07:27+00:00","description":"Freie W\u00e4hler | F\u00dcR Karlsruhe \u00een Consiliul Municipal Karlsruhe : frac\u021biune","breadcrumb":{"@id":"https:\/\/fwfuer.de\/ro\/fractiune\/#breadcrumb"},"inLanguage":"ro-RO","potentialAction":[{"@type":"ReadAction","target":["https:\/\/fwfuer.de\/ro\/fractiune\/"]}]},{"@type":"ImageObject","inLanguage":"ro-RO","@id":"https:\/\/fwfuer.de\/ro\/fractiune\/#primaryimage","url":"https:\/\/fwfuer.de\/wp-content\/uploads\/2021\/01\/UnsereFraktion-Cover.jpg","contentUrl":"https:\/\/fwfuer.de\/wp-content\/uploads\/2021\/01\/UnsereFraktion-Cover.jpg","width":1281,"height":801},{"@type":"BreadcrumbList","@id":"https:\/\/fwfuer.de\/ro\/fractiune\/#breadcrumb","itemListElement":[{"@type":"ListItem","position":1,"name":"Startseite","item":"https:\/\/fwfuer.de\/ro\/acasa\/"},{"@type":"ListItem","position":2,"name":"frac\u021biune"}]},{"@type":"WebSite","@id":"https:\/\/fwfuer.de\/ro\/#website","url":"https:\/\/fwfuer.de\/ro\/","name":"Freie W\u00e4hler | F\u00dcR Karlsruhe \u00een Consiliul Municipal Karlsruhe","description":"Grupul liber al consilierilor din Karlsruhe","publisher":{"@id":"https:\/\/fwfuer.de\/ro\/#organization"},"alternateName":"F\u00dcR KARLSRUHE im Gemeinderat","potentialAction":[{"@type":"SearchAction","target":{"@type":"EntryPoint","urlTemplate":"https:\/\/fwfuer.de\/ro\/?s={search_term_string}"},"query-input":{"@type":"PropertyValueSpecification","valueRequired":true,"valueName":"search_term_string"}}],"inLanguage":"ro-RO"},{"@type":"Organization","@id":"https:\/\/fwfuer.de\/ro\/#organization","name":"F\u00dcR Karlsruhe im Gemeinderat","alternateName":"F\u00dcR Karlsruhe mit Stadtrat Friedemann Kalmbach","url":"https:\/\/fwfuer.de\/ro\/","logo":{"@type":"ImageObject","inLanguage":"ro-RO","@id":"https:\/\/fwfuer.de\/ro\/#\/schema\/logo\/image\/","url":"https:\/\/fwfuer.de\/wp-content\/uploads\/2024\/07\/cropped-Logo-1.png","contentUrl":"https:\/\/fwfuer.de\/wp-content\/uploads\/2024\/07\/cropped-Logo-1.png","width":512,"height":512,"caption":"F\u00dcR Karlsruhe im Gemeinderat"},"image":{"@id":"https:\/\/fwfuer.de\/ro\/#\/schema\/logo\/image\/"},"sameAs":["https:\/\/www.facebook.com\/fwfuer","https:\/\/x.com\/fwfuer","https:\/\/www.instagram.com\/fuerka.de","https:\/\/de.linkedin.com\/company\/fw-fr-karlsruhe-gemeinderatsfraktion","https:\/\/tiktok.com\/@fuerka.de"]}]}},"_links":{"self":[{"href":"https:\/\/fwfuer.de\/ro\/wp-json\/wp\/v2\/pages\/1861","targetHints":{"allow":["GET"]}}],"collection":[{"href":"https:\/\/fwfuer.de\/ro\/wp-json\/wp\/v2\/pages"}],"about":[{"href":"https:\/\/fwfuer.de\/ro\/wp-json\/wp\/v2\/types\/page"}],"author":[{"embeddable":true,"href":"https:\/\/fwfuer.de\/ro\/wp-json\/wp\/v2\/users\/1"}],"replies":[{"embeddable":true,"href":"https:\/\/fwfuer.de\/ro\/wp-json\/wp\/v2\/comments?post=1861"}],"version-history":[{"count":36,"href":"https:\/\/fwfuer.de\/ro\/wp-json\/wp\/v2\/pages\/1861\/revisions"}],"predecessor-version":[{"id":9548,"href":"https:\/\/fwfuer.de\/ro\/wp-json\/wp\/v2\/pages\/1861\/revisions\/9548"}],"wp:featuredmedia":[{"embeddable":true,"href":"https:\/\/fwfuer.de\/ro\/wp-json\/wp\/v2\/media\/1573"}],"wp:attachment":[{"href":"https:\/\/fwfuer.de\/ro\/wp-json\/wp\/v2\/media?parent=1861"}],"curies":[{"name":"wp","href":"https:\/\/api.w.org\/{rel}","templated":true}]}}