{"id":8975,"date":"2023-12-04T12:15:02","date_gmt":"2023-12-04T11:15:02","guid":{"rendered":"https:\/\/fwfuer.de\/project\/situatia-acapararii-groetzinger\/"},"modified":"2026-01-27T16:09:03","modified_gmt":"2026-01-27T15:09:03","slug":"situatia-acapararii-groetzinger","status":"publish","type":"project","link":"https:\/\/fwfuer.de\/ro\/project\/situatia-acapararii-groetzinger\/","title":{"rendered":"Situa\u021bia acapar\u0103rii Gr\u00f6tzinger"},"content":{"rendered":"\n<ol class=\"wp-block-list\">\n<li>Care este biroul responsabil de situa\u021bia \u00eengrijirii dup\u0103 \u0219coal\u0103 \u00een Gr\u00f6tzingen, \u00een special \u00een perioada de tranzi\u021bie c\u0103tre anul \u0219colar 2026\/27?<\/li>\n\n\n\n<li>Ce solu\u021bie poate oferi municipalitatea elevilor \u0219i p\u0103rin\u021bilor afecta\u021bi \u0219i cum poate asigura municipalitatea securitatea planific\u0103rii pentru p\u0103rin\u021bi?<\/li>\n<\/ol>\n\n<p><strong>Justificare<\/strong><\/p>\n\n<p>\u00cen situa\u021bia actual\u0103 &#8211; \u00eencep\u00e2nd cu vacan\u021ba de var\u0103 din 2025 &#8211; exist\u0103 riscul ca 120 de copii de \u0219coal\u0103 primar\u0103 din Gr\u00f6tzingen s\u0103 r\u0103m\u00e2n\u0103 f\u0103r\u0103 \u00eengrijire dup\u0103 \u0219coal\u0103.\nDreptul legal din vara anului 2026 va veni prea t\u00e2rziu pentru ei.\nPrincipala problem\u0103 este c\u0103, potrivit p\u0103rin\u021bilor, conducerii \u0219colii \u0219i SJB, nu se pot pune de acord asupra spa\u021biilor sau nu exist\u0103 suficiente camere disponibile \u00eentr-o cl\u0103dire \u0219colar\u0103 care a fost complet renovat\u0103 \u00een urm\u0103 cu doar c\u00e2\u021biva ani.\n\u00cen opinia grupului nostru parlamentar, responsabilit\u0103\u021bile trebuie clarificate de urgen\u021b\u0103, iar ora\u0219ul F\u00dcR Karlsruhe trebuie s\u0103 promit\u0103 o solu\u021bie adecvat\u0103 sau o solu\u021bie provizorie, pentru a asigura siguran\u021ba planific\u0103rii pentru cei afecta\u021bi.   <\/p>\n\n<p>Semnat:<\/p>\n\n<p>Juergen Wenzel<\/p>\n","protected":false},"excerpt":{"rendered":"<p>Justificare \u00cen situa\u021bia actual\u0103 &#8211; \u00eencep\u00e2nd cu vacan\u021ba de var\u0103 din 2025 &#8211; exist\u0103 riscul ca 120 de copii de \u0219coal\u0103 primar\u0103 din Gr\u00f6tzingen s\u0103 r\u0103m\u00e2n\u0103 f\u0103r\u0103 \u00eengrijire dup\u0103 \u0219coal\u0103. Dreptul legal din vara anului 2026 va veni prea t\u00e2rziu pentru ei. Principala problem\u0103 este c\u0103, potrivit p\u0103rin\u021bilor, conducerii \u0219colii \u0219i SJB, nu se pot [&hellip;]<\/p>\n","protected":false},"author":2,"featured_media":0,"comment_status":"closed","ping_status":"closed","template":"","meta":{"_acf_changed":false,"_et_pb_use_builder":"off","_et_pb_old_content":"","_et_gb_content_width":"","footnotes":"","_links_to":"","_links_to_target":""},"project_category":[227],"project_tag":[],"class_list":["post-8975","project","type-project","status-publish","hentry","project_category-solicitati"],"acf":[],"yoast_head":"<!-- This site is optimized with the Yoast SEO plugin v27.4 - https:\/\/yoast.com\/product\/yoast-seo-wordpress\/ -->\n<title>Situa\u021bia acapar\u0103rii Gr\u00f6tzinger - Freie W\u00e4hler | F\u00dcR Karlsruhe \u00een Consiliul Municipal Karlsruhe<\/title>\n<meta name=\"description\" content=\"Unsere Anfragen und Antr\u00e4ge im Karlsruher Gemeinderat. Durch Anfragen k\u00f6nnen wir Themen neu auf die Tagesordnung setzen lassen - und durch Antr\u00e4ge, \u00c4nderungen oder Erg\u00e4nzungen, \u00fcber Vorschl\u00e4ge abstimmen lassen.\" \/>\n<meta name=\"robots\" content=\"index, follow, max-snippet:-1, max-image-preview:large, max-video-preview:-1\" \/>\n<link rel=\"canonical\" href=\"https:\/\/fwfuer.de\/ro\/project\/situatia-acapararii-groetzinger\/\" \/>\n<meta property=\"og:locale\" content=\"ro_RO\" \/>\n<meta property=\"og:type\" content=\"article\" \/>\n<meta property=\"og:title\" content=\"Situa\u021bia acapar\u0103rii Gr\u00f6tzinger - Freie W\u00e4hler | F\u00dcR Karlsruhe \u00een Consiliul Municipal Karlsruhe\" \/>\n<meta property=\"og:description\" content=\"Unsere Anfragen und Antr\u00e4ge im Karlsruher Gemeinderat. Durch Anfragen k\u00f6nnen wir Themen neu auf die Tagesordnung setzen lassen - und durch Antr\u00e4ge, \u00c4nderungen oder Erg\u00e4nzungen, \u00fcber Vorschl\u00e4ge abstimmen lassen.\" \/>\n<meta property=\"og:url\" content=\"https:\/\/fwfuer.de\/ro\/project\/situatia-acapararii-groetzinger\/\" \/>\n<meta property=\"og:site_name\" content=\"Freie W\u00e4hler | F\u00dcR Karlsruhe \u00een Consiliul Municipal Karlsruhe\" \/>\n<meta property=\"article:publisher\" content=\"https:\/\/www.facebook.com\/fwfuer\" \/>\n<meta property=\"article:modified_time\" content=\"2026-01-27T15:09:03+00:00\" \/>\n<meta property=\"og:image\" content=\"https:\/\/fwfuer.de\/wp-content\/uploads\/2022\/10\/FriedemannOnlineSchulung-scaled.jpeg\" \/>\n\t<meta property=\"og:image:width\" content=\"2880\" \/>\n\t<meta property=\"og:image:height\" content=\"2160\" \/>\n\t<meta property=\"og:image:type\" content=\"image\/jpeg\" \/>\n<meta name=\"twitter:card\" content=\"summary_large_image\" \/>\n<meta name=\"twitter:site\" content=\"@fwfuer\" \/>\n<meta name=\"twitter:label1\" content=\"Timp estimat pentru citire\" \/>\n\t<meta name=\"twitter:data1\" content=\"1 minut\" \/>\n<script type=\"application\/ld+json\" class=\"yoast-schema-graph\">{\"@context\":\"https:\\\/\\\/schema.org\",\"@graph\":[{\"@type\":[\"Article\",\"Report\"],\"@id\":\"https:\\\/\\\/fwfuer.de\\\/ro\\\/project\\\/situatia-acapararii-groetzinger\\\/#article\",\"isPartOf\":{\"@id\":\"https:\\\/\\\/fwfuer.de\\\/ro\\\/project\\\/situatia-acapararii-groetzinger\\\/\"},\"author\":{\"name\":\"F\u00dcR Karlsruhe im Gemeinderat\",\"@id\":\"https:\\\/\\\/fwfuer.de\\\/ro\\\/#\\\/schema\\\/person\\\/b320b9d84a937dd6e9f2d80be1055c19\"},\"headline\":\"Situa\u021bia acapar\u0103rii Gr\u00f6tzinger\",\"datePublished\":\"2023-12-04T11:15:02+00:00\",\"dateModified\":\"2026-01-27T15:09:03+00:00\",\"mainEntityOfPage\":{\"@id\":\"https:\\\/\\\/fwfuer.de\\\/ro\\\/project\\\/situatia-acapararii-groetzinger\\\/\"},\"wordCount\":188,\"publisher\":{\"@id\":\"https:\\\/\\\/fwfuer.de\\\/ro\\\/#organization\"},\"inLanguage\":\"ro-RO\"},{\"@type\":[\"WebPage\",\"ItemPage\"],\"@id\":\"https:\\\/\\\/fwfuer.de\\\/ro\\\/project\\\/situatia-acapararii-groetzinger\\\/\",\"url\":\"https:\\\/\\\/fwfuer.de\\\/ro\\\/project\\\/situatia-acapararii-groetzinger\\\/\",\"name\":\"Situa\u021bia acapar\u0103rii Gr\u00f6tzinger - Freie W\u00e4hler | F\u00dcR Karlsruhe \u00een Consiliul Municipal Karlsruhe\",\"isPartOf\":{\"@id\":\"https:\\\/\\\/fwfuer.de\\\/ro\\\/#website\"},\"datePublished\":\"2023-12-04T11:15:02+00:00\",\"dateModified\":\"2026-01-27T15:09:03+00:00\",\"description\":\"Unsere Anfragen und Antr\u00e4ge im Karlsruher Gemeinderat. Durch Anfragen k\u00f6nnen wir Themen neu auf die Tagesordnung setzen lassen - und durch Antr\u00e4ge, \u00c4nderungen oder Erg\u00e4nzungen, \u00fcber Vorschl\u00e4ge abstimmen lassen.\",\"breadcrumb\":{\"@id\":\"https:\\\/\\\/fwfuer.de\\\/ro\\\/project\\\/situatia-acapararii-groetzinger\\\/#breadcrumb\"},\"inLanguage\":\"ro-RO\",\"potentialAction\":[{\"@type\":\"ReadAction\",\"target\":[\"https:\\\/\\\/fwfuer.de\\\/ro\\\/project\\\/situatia-acapararii-groetzinger\\\/\"]}]},{\"@type\":\"BreadcrumbList\",\"@id\":\"https:\\\/\\\/fwfuer.de\\\/ro\\\/project\\\/situatia-acapararii-groetzinger\\\/#breadcrumb\",\"itemListElement\":[{\"@type\":\"ListItem\",\"position\":1,\"name\":\"Startseite\",\"item\":\"https:\\\/\\\/fwfuer.de\\\/ro\\\/acasa\\\/\"},{\"@type\":\"ListItem\",\"position\":2,\"name\":\"Proiecte\",\"item\":\"https:\\\/\\\/fwfuer.de\\\/ro\\\/project\\\/\"},{\"@type\":\"ListItem\",\"position\":3,\"name\":\"Situa\u021bia acapar\u0103rii Gr\u00f6tzinger\"}]},{\"@type\":\"WebSite\",\"@id\":\"https:\\\/\\\/fwfuer.de\\\/ro\\\/#website\",\"url\":\"https:\\\/\\\/fwfuer.de\\\/ro\\\/\",\"name\":\"Freie W\u00e4hler | F\u00dcR Karlsruhe \u00een Consiliul Municipal Karlsruhe\",\"description\":\"Grupul liber al consilierilor din Karlsruhe\",\"publisher\":{\"@id\":\"https:\\\/\\\/fwfuer.de\\\/ro\\\/#organization\"},\"alternateName\":\"F\u00dcR KARLSRUHE im Gemeinderat\",\"potentialAction\":[{\"@type\":\"SearchAction\",\"target\":{\"@type\":\"EntryPoint\",\"urlTemplate\":\"https:\\\/\\\/fwfuer.de\\\/ro\\\/?s={search_term_string}\"},\"query-input\":{\"@type\":\"PropertyValueSpecification\",\"valueRequired\":true,\"valueName\":\"search_term_string\"}}],\"inLanguage\":\"ro-RO\"},{\"@type\":\"Organization\",\"@id\":\"https:\\\/\\\/fwfuer.de\\\/ro\\\/#organization\",\"name\":\"F\u00dcR Karlsruhe im Gemeinderat\",\"alternateName\":\"F\u00dcR Karlsruhe mit Stadtrat Friedemann Kalmbach\",\"url\":\"https:\\\/\\\/fwfuer.de\\\/ro\\\/\",\"logo\":{\"@type\":\"ImageObject\",\"inLanguage\":\"ro-RO\",\"@id\":\"https:\\\/\\\/fwfuer.de\\\/ro\\\/#\\\/schema\\\/logo\\\/image\\\/\",\"url\":\"https:\\\/\\\/fwfuer.de\\\/wp-content\\\/uploads\\\/2024\\\/07\\\/cropped-Logo-1.png\",\"contentUrl\":\"https:\\\/\\\/fwfuer.de\\\/wp-content\\\/uploads\\\/2024\\\/07\\\/cropped-Logo-1.png\",\"width\":512,\"height\":512,\"caption\":\"F\u00dcR Karlsruhe im Gemeinderat\"},\"image\":{\"@id\":\"https:\\\/\\\/fwfuer.de\\\/ro\\\/#\\\/schema\\\/logo\\\/image\\\/\"},\"sameAs\":[\"https:\\\/\\\/www.facebook.com\\\/fwfuer\",\"https:\\\/\\\/x.com\\\/fwfuer\",\"https:\\\/\\\/www.instagram.com\\\/fuerka.de\",\"https:\\\/\\\/de.linkedin.com\\\/company\\\/fw-fr-karlsruhe-gemeinderatsfraktion\",\"https:\\\/\\\/tiktok.com\\\/@fuerka.de\"]},{\"@type\":\"Person\",\"@id\":\"https:\\\/\\\/fwfuer.de\\\/ro\\\/#\\\/schema\\\/person\\\/b320b9d84a937dd6e9f2d80be1055c19\",\"name\":\"F\u00dcR Karlsruhe im Gemeinderat\"}]}<\/script>\n<!-- \/ Yoast SEO plugin. -->","yoast_head_json":{"title":"Situa\u021bia acapar\u0103rii Gr\u00f6tzinger - Freie W\u00e4hler | F\u00dcR Karlsruhe \u00een Consiliul Municipal Karlsruhe","description":"Unsere Anfragen und Antr\u00e4ge im Karlsruher Gemeinderat. Durch Anfragen k\u00f6nnen wir Themen neu auf die Tagesordnung setzen lassen - und durch Antr\u00e4ge, \u00c4nderungen oder Erg\u00e4nzungen, \u00fcber Vorschl\u00e4ge abstimmen lassen.","robots":{"index":"index","follow":"follow","max-snippet":"max-snippet:-1","max-image-preview":"max-image-preview:large","max-video-preview":"max-video-preview:-1"},"canonical":"https:\/\/fwfuer.de\/ro\/project\/situatia-acapararii-groetzinger\/","og_locale":"ro_RO","og_type":"article","og_title":"Situa\u021bia acapar\u0103rii Gr\u00f6tzinger - Freie W\u00e4hler | F\u00dcR Karlsruhe \u00een Consiliul Municipal Karlsruhe","og_description":"Unsere Anfragen und Antr\u00e4ge im Karlsruher Gemeinderat. Durch Anfragen k\u00f6nnen wir Themen neu auf die Tagesordnung setzen lassen - und durch Antr\u00e4ge, \u00c4nderungen oder Erg\u00e4nzungen, \u00fcber Vorschl\u00e4ge abstimmen lassen.","og_url":"https:\/\/fwfuer.de\/ro\/project\/situatia-acapararii-groetzinger\/","og_site_name":"Freie W\u00e4hler | F\u00dcR Karlsruhe \u00een Consiliul Municipal Karlsruhe","article_publisher":"https:\/\/www.facebook.com\/fwfuer","article_modified_time":"2026-01-27T15:09:03+00:00","og_image":[{"width":2880,"height":2160,"url":"https:\/\/fwfuer.de\/wp-content\/uploads\/2022\/10\/FriedemannOnlineSchulung-scaled.jpeg","type":"image\/jpeg"}],"twitter_card":"summary_large_image","twitter_site":"@fwfuer","twitter_misc":{"Timp estimat pentru citire":"1 minut"},"schema":{"@context":"https:\/\/schema.org","@graph":[{"@type":["Article","Report"],"@id":"https:\/\/fwfuer.de\/ro\/project\/situatia-acapararii-groetzinger\/#article","isPartOf":{"@id":"https:\/\/fwfuer.de\/ro\/project\/situatia-acapararii-groetzinger\/"},"author":{"name":"F\u00dcR Karlsruhe im Gemeinderat","@id":"https:\/\/fwfuer.de\/ro\/#\/schema\/person\/b320b9d84a937dd6e9f2d80be1055c19"},"headline":"Situa\u021bia acapar\u0103rii Gr\u00f6tzinger","datePublished":"2023-12-04T11:15:02+00:00","dateModified":"2026-01-27T15:09:03+00:00","mainEntityOfPage":{"@id":"https:\/\/fwfuer.de\/ro\/project\/situatia-acapararii-groetzinger\/"},"wordCount":188,"publisher":{"@id":"https:\/\/fwfuer.de\/ro\/#organization"},"inLanguage":"ro-RO"},{"@type":["WebPage","ItemPage"],"@id":"https:\/\/fwfuer.de\/ro\/project\/situatia-acapararii-groetzinger\/","url":"https:\/\/fwfuer.de\/ro\/project\/situatia-acapararii-groetzinger\/","name":"Situa\u021bia acapar\u0103rii Gr\u00f6tzinger - Freie W\u00e4hler | F\u00dcR Karlsruhe \u00een Consiliul Municipal Karlsruhe","isPartOf":{"@id":"https:\/\/fwfuer.de\/ro\/#website"},"datePublished":"2023-12-04T11:15:02+00:00","dateModified":"2026-01-27T15:09:03+00:00","description":"Unsere Anfragen und Antr\u00e4ge im Karlsruher Gemeinderat. Durch Anfragen k\u00f6nnen wir Themen neu auf die Tagesordnung setzen lassen - und durch Antr\u00e4ge, \u00c4nderungen oder Erg\u00e4nzungen, \u00fcber Vorschl\u00e4ge abstimmen lassen.","breadcrumb":{"@id":"https:\/\/fwfuer.de\/ro\/project\/situatia-acapararii-groetzinger\/#breadcrumb"},"inLanguage":"ro-RO","potentialAction":[{"@type":"ReadAction","target":["https:\/\/fwfuer.de\/ro\/project\/situatia-acapararii-groetzinger\/"]}]},{"@type":"BreadcrumbList","@id":"https:\/\/fwfuer.de\/ro\/project\/situatia-acapararii-groetzinger\/#breadcrumb","itemListElement":[{"@type":"ListItem","position":1,"name":"Startseite","item":"https:\/\/fwfuer.de\/ro\/acasa\/"},{"@type":"ListItem","position":2,"name":"Proiecte","item":"https:\/\/fwfuer.de\/ro\/project\/"},{"@type":"ListItem","position":3,"name":"Situa\u021bia acapar\u0103rii Gr\u00f6tzinger"}]},{"@type":"WebSite","@id":"https:\/\/fwfuer.de\/ro\/#website","url":"https:\/\/fwfuer.de\/ro\/","name":"Freie W\u00e4hler | F\u00dcR Karlsruhe \u00een Consiliul Municipal Karlsruhe","description":"Grupul liber al consilierilor din Karlsruhe","publisher":{"@id":"https:\/\/fwfuer.de\/ro\/#organization"},"alternateName":"F\u00dcR KARLSRUHE im Gemeinderat","potentialAction":[{"@type":"SearchAction","target":{"@type":"EntryPoint","urlTemplate":"https:\/\/fwfuer.de\/ro\/?s={search_term_string}"},"query-input":{"@type":"PropertyValueSpecification","valueRequired":true,"valueName":"search_term_string"}}],"inLanguage":"ro-RO"},{"@type":"Organization","@id":"https:\/\/fwfuer.de\/ro\/#organization","name":"F\u00dcR Karlsruhe im Gemeinderat","alternateName":"F\u00dcR Karlsruhe mit Stadtrat Friedemann Kalmbach","url":"https:\/\/fwfuer.de\/ro\/","logo":{"@type":"ImageObject","inLanguage":"ro-RO","@id":"https:\/\/fwfuer.de\/ro\/#\/schema\/logo\/image\/","url":"https:\/\/fwfuer.de\/wp-content\/uploads\/2024\/07\/cropped-Logo-1.png","contentUrl":"https:\/\/fwfuer.de\/wp-content\/uploads\/2024\/07\/cropped-Logo-1.png","width":512,"height":512,"caption":"F\u00dcR Karlsruhe im Gemeinderat"},"image":{"@id":"https:\/\/fwfuer.de\/ro\/#\/schema\/logo\/image\/"},"sameAs":["https:\/\/www.facebook.com\/fwfuer","https:\/\/x.com\/fwfuer","https:\/\/www.instagram.com\/fuerka.de","https:\/\/de.linkedin.com\/company\/fw-fr-karlsruhe-gemeinderatsfraktion","https:\/\/tiktok.com\/@fuerka.de"]},{"@type":"Person","@id":"https:\/\/fwfuer.de\/ro\/#\/schema\/person\/b320b9d84a937dd6e9f2d80be1055c19","name":"F\u00dcR Karlsruhe im Gemeinderat"}]}},"_links":{"self":[{"href":"https:\/\/fwfuer.de\/ro\/wp-json\/wp\/v2\/project\/8975","targetHints":{"allow":["GET"]}}],"collection":[{"href":"https:\/\/fwfuer.de\/ro\/wp-json\/wp\/v2\/project"}],"about":[{"href":"https:\/\/fwfuer.de\/ro\/wp-json\/wp\/v2\/types\/project"}],"author":[{"embeddable":true,"href":"https:\/\/fwfuer.de\/ro\/wp-json\/wp\/v2\/users\/2"}],"replies":[{"embeddable":true,"href":"https:\/\/fwfuer.de\/ro\/wp-json\/wp\/v2\/comments?post=8975"}],"version-history":[{"count":2,"href":"https:\/\/fwfuer.de\/ro\/wp-json\/wp\/v2\/project\/8975\/revisions"}],"predecessor-version":[{"id":8979,"href":"https:\/\/fwfuer.de\/ro\/wp-json\/wp\/v2\/project\/8975\/revisions\/8979"}],"wp:attachment":[{"href":"https:\/\/fwfuer.de\/ro\/wp-json\/wp\/v2\/media?parent=8975"}],"wp:term":[{"taxonomy":"project_category","embeddable":true,"href":"https:\/\/fwfuer.de\/ro\/wp-json\/wp\/v2\/project_category?post=8975"},{"taxonomy":"project_tag","embeddable":true,"href":"https:\/\/fwfuer.de\/ro\/wp-json\/wp\/v2\/project_tag?post=8975"}],"curies":[{"name":"wp","href":"https:\/\/api.w.org\/{rel}","templated":true}]}}