{"id":9367,"date":"2025-02-14T10:49:49","date_gmt":"2025-02-14T09:49:49","guid":{"rendered":"https:\/\/fwfuer.de\/project\/biciclete-de-marfa-in-fuer-karlsruhe\/"},"modified":"2026-01-27T16:15:11","modified_gmt":"2026-01-27T15:15:11","slug":"biciclete-de-marfa-in-fuer-karlsruhe","status":"publish","type":"project","link":"https:\/\/fwfuer.de\/ro\/project\/biciclete-de-marfa-in-fuer-karlsruhe\/","title":{"rendered":"Biciclete de marf\u0103 \u00een F\u00dcR Karlsruhe"},"content":{"rendered":"\n<p><strong>Subiect: Biciclete de marf\u0103 \u00een F\u00dcR Karlsruhe<\/strong><\/p>\n\n<ol class=\"wp-block-list\">\n<li>C\u00e2te biciclete de marf\u0103 sunt deja disponibile pentru \u00eenchiriere &#8222;public\u0103&#8221; \u00een F\u00dcR Karlsruhe?<br\/><\/li>\n\n\n\n<li>Cum sunt utilizate aceste biciclete?<br\/><\/li>\n\n\n\n<li>Ce structur\u0103 de pre\u021buri ar trebui utilizat\u0103 pentru bicicletele cargo care urmeaz\u0103 s\u0103 fie incluse \u00een serviciile Nextbike existente?<br\/><\/li>\n\n\n\n<li>Ce venituri \u0219i cheltuieli se preconizeaz\u0103 pentru bicicletele cargo?<br\/><\/li>\n<\/ol>\n\n<p><strong>Justificare<\/strong><\/p>\n\n<p>Ca multe alte autorit\u0103\u021bi locale, ora\u0219ul F\u00dcR Karlsruhe se confrunt\u0103 cu provoc\u0103ri financiare majore. Acest lucru face cu at\u00e2t mai important\u0103 luarea \u00een considerare a eficien\u021bei economice \u0219i a durabilit\u0103\u021bii atunci c\u00e2nd se dezvolt\u0103 noi servicii \u0219i proiecte. <\/p>\n\n<p>Punerea la dispozi\u021bie a bicicletelor de marf\u0103 poate aduce o contribu\u021bie important\u0103 la inversarea traficului \u0219i la reducerea traficului auto \u00een centrul ora\u0219ului. Este pozitiv faptul c\u0103 exist\u0103 deja o gam\u0103 larg\u0103 de biciclete de marf\u0103 disponibile pentru \u00eenchiriere \u00een ora\u0219, de exemplu de la KEK \u0219i de la locurile de \u00eent\u00e2lnire din cartiere. Prin urmare, este esen\u021bial ca o astfel de ofert\u0103 nou\u0103 s\u0103 r\u0103spund\u0103 unei nevoi \u0219i s\u0103 fie acceptat\u0103 de cet\u0103\u021beni.  <\/p>\n\n<p>Semnat:<\/p>\n\n<p>Friedemann Kalmbach<\/p>\n","protected":false},"excerpt":{"rendered":"<p>Subiect: Biciclete de marf\u0103 \u00een F\u00dcR Karlsruhe Justificare Ca multe alte autorit\u0103\u021bi locale, ora\u0219ul F\u00dcR Karlsruhe se confrunt\u0103 cu provoc\u0103ri financiare majore. Acest lucru face cu at\u00e2t mai important\u0103 luarea \u00een considerare a eficien\u021bei economice \u0219i a durabilit\u0103\u021bii atunci c\u00e2nd se dezvolt\u0103 noi servicii \u0219i proiecte. Punerea la dispozi\u021bie a bicicletelor de marf\u0103 poate aduce [&hellip;]<\/p>\n","protected":false},"author":2,"featured_media":0,"comment_status":"closed","ping_status":"closed","template":"","meta":{"_acf_changed":false,"_et_pb_use_builder":"off","_et_pb_old_content":"","_et_gb_content_width":"","footnotes":"","_links_to":"","_links_to_target":""},"project_category":[227],"project_tag":[252],"class_list":["post-9367","project","type-project","status-publish","hentry","project_category-solicitati","project_tag-trimis"],"acf":[],"yoast_head":"<!-- This site is optimized with the Yoast SEO plugin v27.5 - https:\/\/yoast.com\/product\/yoast-seo-wordpress\/ -->\n<title>Biciclete de marf\u0103 \u00een F\u00dcR Karlsruhe - Freie W\u00e4hler | F\u00dcR Karlsruhe \u00een Consiliul Municipal Karlsruhe<\/title>\n<meta name=\"description\" content=\"Unsere Anfragen und Antr\u00e4ge im Karlsruher Gemeinderat. Durch Anfragen k\u00f6nnen wir Themen neu auf die Tagesordnung setzen lassen - und durch Antr\u00e4ge, \u00c4nderungen oder Erg\u00e4nzungen, \u00fcber Vorschl\u00e4ge abstimmen lassen.\" \/>\n<meta name=\"robots\" content=\"index, follow, max-snippet:-1, max-image-preview:large, max-video-preview:-1\" \/>\n<link rel=\"canonical\" href=\"https:\/\/fwfuer.de\/ro\/project\/biciclete-de-marfa-in-fuer-karlsruhe\/\" \/>\n<meta property=\"og:locale\" content=\"ro_RO\" \/>\n<meta property=\"og:type\" content=\"article\" \/>\n<meta property=\"og:title\" content=\"Biciclete de marf\u0103 \u00een F\u00dcR Karlsruhe - Freie W\u00e4hler | F\u00dcR Karlsruhe \u00een Consiliul Municipal Karlsruhe\" \/>\n<meta property=\"og:description\" content=\"Unsere Anfragen und Antr\u00e4ge im Karlsruher Gemeinderat. Durch Anfragen k\u00f6nnen wir Themen neu auf die Tagesordnung setzen lassen - und durch Antr\u00e4ge, \u00c4nderungen oder Erg\u00e4nzungen, \u00fcber Vorschl\u00e4ge abstimmen lassen.\" \/>\n<meta property=\"og:url\" content=\"https:\/\/fwfuer.de\/ro\/project\/biciclete-de-marfa-in-fuer-karlsruhe\/\" \/>\n<meta property=\"og:site_name\" content=\"Freie W\u00e4hler | F\u00dcR Karlsruhe \u00een Consiliul Municipal Karlsruhe\" \/>\n<meta property=\"article:publisher\" content=\"https:\/\/www.facebook.com\/fwfuer\" \/>\n<meta property=\"article:modified_time\" content=\"2026-01-27T15:15:11+00:00\" \/>\n<meta property=\"og:image\" content=\"https:\/\/fwfuer.de\/wp-content\/uploads\/2022\/10\/FriedemannOnlineSchulung-scaled.jpeg\" \/>\n\t<meta property=\"og:image:width\" content=\"2880\" \/>\n\t<meta property=\"og:image:height\" content=\"2160\" \/>\n\t<meta property=\"og:image:type\" content=\"image\/jpeg\" \/>\n<meta name=\"twitter:card\" content=\"summary_large_image\" \/>\n<meta name=\"twitter:site\" content=\"@fwfuer\" \/>\n<meta name=\"twitter:label1\" content=\"Timp estimat pentru citire\" \/>\n\t<meta name=\"twitter:data1\" content=\"1 minut\" \/>\n<script type=\"application\/ld+json\" class=\"yoast-schema-graph\">{\"@context\":\"https:\\\/\\\/schema.org\",\"@graph\":[{\"@type\":[\"Article\",\"Report\"],\"@id\":\"https:\\\/\\\/fwfuer.de\\\/ro\\\/project\\\/biciclete-de-marfa-in-fuer-karlsruhe\\\/#article\",\"isPartOf\":{\"@id\":\"https:\\\/\\\/fwfuer.de\\\/ro\\\/project\\\/biciclete-de-marfa-in-fuer-karlsruhe\\\/\"},\"author\":{\"name\":\"F\u00dcR Karlsruhe im Gemeinderat\",\"@id\":\"https:\\\/\\\/fwfuer.de\\\/ro\\\/#\\\/schema\\\/person\\\/b320b9d84a937dd6e9f2d80be1055c19\"},\"headline\":\"Biciclete de marf\u0103 \u00een F\u00dcR Karlsruhe\",\"datePublished\":\"2025-02-14T09:49:49+00:00\",\"dateModified\":\"2026-01-27T15:15:11+00:00\",\"mainEntityOfPage\":{\"@id\":\"https:\\\/\\\/fwfuer.de\\\/ro\\\/project\\\/biciclete-de-marfa-in-fuer-karlsruhe\\\/\"},\"wordCount\":195,\"publisher\":{\"@id\":\"https:\\\/\\\/fwfuer.de\\\/ro\\\/#organization\"},\"inLanguage\":\"ro-RO\"},{\"@type\":[\"WebPage\",\"ItemPage\"],\"@id\":\"https:\\\/\\\/fwfuer.de\\\/ro\\\/project\\\/biciclete-de-marfa-in-fuer-karlsruhe\\\/\",\"url\":\"https:\\\/\\\/fwfuer.de\\\/ro\\\/project\\\/biciclete-de-marfa-in-fuer-karlsruhe\\\/\",\"name\":\"Biciclete de marf\u0103 \u00een F\u00dcR Karlsruhe - Freie W\u00e4hler | F\u00dcR Karlsruhe \u00een Consiliul Municipal Karlsruhe\",\"isPartOf\":{\"@id\":\"https:\\\/\\\/fwfuer.de\\\/ro\\\/#website\"},\"datePublished\":\"2025-02-14T09:49:49+00:00\",\"dateModified\":\"2026-01-27T15:15:11+00:00\",\"description\":\"Unsere Anfragen und Antr\u00e4ge im Karlsruher Gemeinderat. Durch Anfragen k\u00f6nnen wir Themen neu auf die Tagesordnung setzen lassen - und durch Antr\u00e4ge, \u00c4nderungen oder Erg\u00e4nzungen, \u00fcber Vorschl\u00e4ge abstimmen lassen.\",\"breadcrumb\":{\"@id\":\"https:\\\/\\\/fwfuer.de\\\/ro\\\/project\\\/biciclete-de-marfa-in-fuer-karlsruhe\\\/#breadcrumb\"},\"inLanguage\":\"ro-RO\",\"potentialAction\":[{\"@type\":\"ReadAction\",\"target\":[\"https:\\\/\\\/fwfuer.de\\\/ro\\\/project\\\/biciclete-de-marfa-in-fuer-karlsruhe\\\/\"]}]},{\"@type\":\"BreadcrumbList\",\"@id\":\"https:\\\/\\\/fwfuer.de\\\/ro\\\/project\\\/biciclete-de-marfa-in-fuer-karlsruhe\\\/#breadcrumb\",\"itemListElement\":[{\"@type\":\"ListItem\",\"position\":1,\"name\":\"Startseite\",\"item\":\"https:\\\/\\\/fwfuer.de\\\/ro\\\/acasa\\\/\"},{\"@type\":\"ListItem\",\"position\":2,\"name\":\"Proiecte\",\"item\":\"https:\\\/\\\/fwfuer.de\\\/ro\\\/project\\\/\"},{\"@type\":\"ListItem\",\"position\":3,\"name\":\"Biciclete de marf\u0103 \u00een F\u00dcR Karlsruhe\"}]},{\"@type\":\"WebSite\",\"@id\":\"https:\\\/\\\/fwfuer.de\\\/ro\\\/#website\",\"url\":\"https:\\\/\\\/fwfuer.de\\\/ro\\\/\",\"name\":\"Freie W\u00e4hler | F\u00dcR Karlsruhe \u00een Consiliul Municipal Karlsruhe\",\"description\":\"Grupul liber al consilierilor din Karlsruhe\",\"publisher\":{\"@id\":\"https:\\\/\\\/fwfuer.de\\\/ro\\\/#organization\"},\"alternateName\":\"F\u00dcR KARLSRUHE im Gemeinderat\",\"potentialAction\":[{\"@type\":\"SearchAction\",\"target\":{\"@type\":\"EntryPoint\",\"urlTemplate\":\"https:\\\/\\\/fwfuer.de\\\/ro\\\/?s={search_term_string}\"},\"query-input\":{\"@type\":\"PropertyValueSpecification\",\"valueRequired\":true,\"valueName\":\"search_term_string\"}}],\"inLanguage\":\"ro-RO\"},{\"@type\":\"Organization\",\"@id\":\"https:\\\/\\\/fwfuer.de\\\/ro\\\/#organization\",\"name\":\"F\u00dcR Karlsruhe im Gemeinderat\",\"alternateName\":\"F\u00dcR Karlsruhe mit Stadtrat Friedemann Kalmbach\",\"url\":\"https:\\\/\\\/fwfuer.de\\\/ro\\\/\",\"logo\":{\"@type\":\"ImageObject\",\"inLanguage\":\"ro-RO\",\"@id\":\"https:\\\/\\\/fwfuer.de\\\/ro\\\/#\\\/schema\\\/logo\\\/image\\\/\",\"url\":\"https:\\\/\\\/fwfuer.de\\\/wp-content\\\/uploads\\\/2024\\\/07\\\/cropped-Logo-1.png\",\"contentUrl\":\"https:\\\/\\\/fwfuer.de\\\/wp-content\\\/uploads\\\/2024\\\/07\\\/cropped-Logo-1.png\",\"width\":512,\"height\":512,\"caption\":\"F\u00dcR Karlsruhe im Gemeinderat\"},\"image\":{\"@id\":\"https:\\\/\\\/fwfuer.de\\\/ro\\\/#\\\/schema\\\/logo\\\/image\\\/\"},\"sameAs\":[\"https:\\\/\\\/www.facebook.com\\\/fwfuer\",\"https:\\\/\\\/x.com\\\/fwfuer\",\"https:\\\/\\\/www.instagram.com\\\/fuerka.de\",\"https:\\\/\\\/de.linkedin.com\\\/company\\\/fw-fr-karlsruhe-gemeinderatsfraktion\",\"https:\\\/\\\/tiktok.com\\\/@fuerka.de\"]},{\"@type\":\"Person\",\"@id\":\"https:\\\/\\\/fwfuer.de\\\/ro\\\/#\\\/schema\\\/person\\\/b320b9d84a937dd6e9f2d80be1055c19\",\"name\":\"F\u00dcR Karlsruhe im Gemeinderat\"}]}<\/script>\n<!-- \/ Yoast SEO plugin. -->","yoast_head_json":{"title":"Biciclete de marf\u0103 \u00een F\u00dcR Karlsruhe - Freie W\u00e4hler | F\u00dcR Karlsruhe \u00een Consiliul Municipal Karlsruhe","description":"Unsere Anfragen und Antr\u00e4ge im Karlsruher Gemeinderat. Durch Anfragen k\u00f6nnen wir Themen neu auf die Tagesordnung setzen lassen - und durch Antr\u00e4ge, \u00c4nderungen oder Erg\u00e4nzungen, \u00fcber Vorschl\u00e4ge abstimmen lassen.","robots":{"index":"index","follow":"follow","max-snippet":"max-snippet:-1","max-image-preview":"max-image-preview:large","max-video-preview":"max-video-preview:-1"},"canonical":"https:\/\/fwfuer.de\/ro\/project\/biciclete-de-marfa-in-fuer-karlsruhe\/","og_locale":"ro_RO","og_type":"article","og_title":"Biciclete de marf\u0103 \u00een F\u00dcR Karlsruhe - Freie W\u00e4hler | F\u00dcR Karlsruhe \u00een Consiliul Municipal Karlsruhe","og_description":"Unsere Anfragen und Antr\u00e4ge im Karlsruher Gemeinderat. Durch Anfragen k\u00f6nnen wir Themen neu auf die Tagesordnung setzen lassen - und durch Antr\u00e4ge, \u00c4nderungen oder Erg\u00e4nzungen, \u00fcber Vorschl\u00e4ge abstimmen lassen.","og_url":"https:\/\/fwfuer.de\/ro\/project\/biciclete-de-marfa-in-fuer-karlsruhe\/","og_site_name":"Freie W\u00e4hler | F\u00dcR Karlsruhe \u00een Consiliul Municipal Karlsruhe","article_publisher":"https:\/\/www.facebook.com\/fwfuer","article_modified_time":"2026-01-27T15:15:11+00:00","og_image":[{"width":2880,"height":2160,"url":"https:\/\/fwfuer.de\/wp-content\/uploads\/2022\/10\/FriedemannOnlineSchulung-scaled.jpeg","type":"image\/jpeg"}],"twitter_card":"summary_large_image","twitter_site":"@fwfuer","twitter_misc":{"Timp estimat pentru citire":"1 minut"},"schema":{"@context":"https:\/\/schema.org","@graph":[{"@type":["Article","Report"],"@id":"https:\/\/fwfuer.de\/ro\/project\/biciclete-de-marfa-in-fuer-karlsruhe\/#article","isPartOf":{"@id":"https:\/\/fwfuer.de\/ro\/project\/biciclete-de-marfa-in-fuer-karlsruhe\/"},"author":{"name":"F\u00dcR Karlsruhe im Gemeinderat","@id":"https:\/\/fwfuer.de\/ro\/#\/schema\/person\/b320b9d84a937dd6e9f2d80be1055c19"},"headline":"Biciclete de marf\u0103 \u00een F\u00dcR Karlsruhe","datePublished":"2025-02-14T09:49:49+00:00","dateModified":"2026-01-27T15:15:11+00:00","mainEntityOfPage":{"@id":"https:\/\/fwfuer.de\/ro\/project\/biciclete-de-marfa-in-fuer-karlsruhe\/"},"wordCount":195,"publisher":{"@id":"https:\/\/fwfuer.de\/ro\/#organization"},"inLanguage":"ro-RO"},{"@type":["WebPage","ItemPage"],"@id":"https:\/\/fwfuer.de\/ro\/project\/biciclete-de-marfa-in-fuer-karlsruhe\/","url":"https:\/\/fwfuer.de\/ro\/project\/biciclete-de-marfa-in-fuer-karlsruhe\/","name":"Biciclete de marf\u0103 \u00een F\u00dcR Karlsruhe - Freie W\u00e4hler | F\u00dcR Karlsruhe \u00een Consiliul Municipal Karlsruhe","isPartOf":{"@id":"https:\/\/fwfuer.de\/ro\/#website"},"datePublished":"2025-02-14T09:49:49+00:00","dateModified":"2026-01-27T15:15:11+00:00","description":"Unsere Anfragen und Antr\u00e4ge im Karlsruher Gemeinderat. Durch Anfragen k\u00f6nnen wir Themen neu auf die Tagesordnung setzen lassen - und durch Antr\u00e4ge, \u00c4nderungen oder Erg\u00e4nzungen, \u00fcber Vorschl\u00e4ge abstimmen lassen.","breadcrumb":{"@id":"https:\/\/fwfuer.de\/ro\/project\/biciclete-de-marfa-in-fuer-karlsruhe\/#breadcrumb"},"inLanguage":"ro-RO","potentialAction":[{"@type":"ReadAction","target":["https:\/\/fwfuer.de\/ro\/project\/biciclete-de-marfa-in-fuer-karlsruhe\/"]}]},{"@type":"BreadcrumbList","@id":"https:\/\/fwfuer.de\/ro\/project\/biciclete-de-marfa-in-fuer-karlsruhe\/#breadcrumb","itemListElement":[{"@type":"ListItem","position":1,"name":"Startseite","item":"https:\/\/fwfuer.de\/ro\/acasa\/"},{"@type":"ListItem","position":2,"name":"Proiecte","item":"https:\/\/fwfuer.de\/ro\/project\/"},{"@type":"ListItem","position":3,"name":"Biciclete de marf\u0103 \u00een F\u00dcR Karlsruhe"}]},{"@type":"WebSite","@id":"https:\/\/fwfuer.de\/ro\/#website","url":"https:\/\/fwfuer.de\/ro\/","name":"Freie W\u00e4hler | F\u00dcR Karlsruhe \u00een Consiliul Municipal Karlsruhe","description":"Grupul liber al consilierilor din Karlsruhe","publisher":{"@id":"https:\/\/fwfuer.de\/ro\/#organization"},"alternateName":"F\u00dcR KARLSRUHE im Gemeinderat","potentialAction":[{"@type":"SearchAction","target":{"@type":"EntryPoint","urlTemplate":"https:\/\/fwfuer.de\/ro\/?s={search_term_string}"},"query-input":{"@type":"PropertyValueSpecification","valueRequired":true,"valueName":"search_term_string"}}],"inLanguage":"ro-RO"},{"@type":"Organization","@id":"https:\/\/fwfuer.de\/ro\/#organization","name":"F\u00dcR Karlsruhe im Gemeinderat","alternateName":"F\u00dcR Karlsruhe mit Stadtrat Friedemann Kalmbach","url":"https:\/\/fwfuer.de\/ro\/","logo":{"@type":"ImageObject","inLanguage":"ro-RO","@id":"https:\/\/fwfuer.de\/ro\/#\/schema\/logo\/image\/","url":"https:\/\/fwfuer.de\/wp-content\/uploads\/2024\/07\/cropped-Logo-1.png","contentUrl":"https:\/\/fwfuer.de\/wp-content\/uploads\/2024\/07\/cropped-Logo-1.png","width":512,"height":512,"caption":"F\u00dcR Karlsruhe im Gemeinderat"},"image":{"@id":"https:\/\/fwfuer.de\/ro\/#\/schema\/logo\/image\/"},"sameAs":["https:\/\/www.facebook.com\/fwfuer","https:\/\/x.com\/fwfuer","https:\/\/www.instagram.com\/fuerka.de","https:\/\/de.linkedin.com\/company\/fw-fr-karlsruhe-gemeinderatsfraktion","https:\/\/tiktok.com\/@fuerka.de"]},{"@type":"Person","@id":"https:\/\/fwfuer.de\/ro\/#\/schema\/person\/b320b9d84a937dd6e9f2d80be1055c19","name":"F\u00dcR Karlsruhe im Gemeinderat"}]}},"_links":{"self":[{"href":"https:\/\/fwfuer.de\/ro\/wp-json\/wp\/v2\/project\/9367","targetHints":{"allow":["GET"]}}],"collection":[{"href":"https:\/\/fwfuer.de\/ro\/wp-json\/wp\/v2\/project"}],"about":[{"href":"https:\/\/fwfuer.de\/ro\/wp-json\/wp\/v2\/types\/project"}],"author":[{"embeddable":true,"href":"https:\/\/fwfuer.de\/ro\/wp-json\/wp\/v2\/users\/2"}],"replies":[{"embeddable":true,"href":"https:\/\/fwfuer.de\/ro\/wp-json\/wp\/v2\/comments?post=9367"}],"version-history":[{"count":2,"href":"https:\/\/fwfuer.de\/ro\/wp-json\/wp\/v2\/project\/9367\/revisions"}],"predecessor-version":[{"id":9371,"href":"https:\/\/fwfuer.de\/ro\/wp-json\/wp\/v2\/project\/9367\/revisions\/9371"}],"wp:attachment":[{"href":"https:\/\/fwfuer.de\/ro\/wp-json\/wp\/v2\/media?parent=9367"}],"wp:term":[{"taxonomy":"project_category","embeddable":true,"href":"https:\/\/fwfuer.de\/ro\/wp-json\/wp\/v2\/project_category?post=9367"},{"taxonomy":"project_tag","embeddable":true,"href":"https:\/\/fwfuer.de\/ro\/wp-json\/wp\/v2\/project_tag?post=9367"}],"curies":[{"name":"wp","href":"https:\/\/api.w.org\/{rel}","templated":true}]}}